{"id":15412,"date":"2015-03-07T10:00:04","date_gmt":"2015-03-07T09:00:04","guid":{"rendered":"http:\/\/www.ernestotimor.com\/irregular\/?page_id=15412"},"modified":"2025-10-26T18:27:18","modified_gmt":"2025-10-26T17:27:18","slug":"entretiens-avec-la-mer-variations-photographiques-2014","status":"publish","type":"page","link":"https:\/\/www.ernestotimor.com\/irregular\/echographies\/entretiens-avec-la-mer-variations-photographiques-2014\/","title":{"rendered":"<em>Black Variations<\/em> : un side-project pour <em>Entretiens avec la mer<\/em>, 2014-2015"},"content":{"rendered":"<div class=\"short-cry col-sm-6\">\n<div class=\"encadre2015\">\n<h4>Un genre de porte vers cet univers s&rsquo;est ouverte au travers d&rsquo;un poster-d\u00e9pliant joint en bonus au <a title=\"Hop, l\u00e0-bas !\" href=\"http:\/\/www.timor-rocks.com\/image-latente\/publications\/entretiens-avec-la-mer\/\">livre<\/a> <em>Entretiens avec la mer<\/em>, publi\u00e9 en novembre 2014, en co-\u00e9dition Th\u00e9\u00e2tre du Menteur \/ Image Latente.<\/h4>\n<p><br class=\"spacer\"\/><\/p>\n<h4><a href=\"http:\/\/www.ernestotimor.com\/irregular\/wp-content\/uploads\/2014\/10\/tdm-ruees-14-15-05-aff-web.jpg\"><img loading=\"lazy\" decoding=\"async\" class=\"alignleft size-medium wp-image-19504\" src=\"http:\/\/www.ernestotimor.com\/irregular\/wp-content\/uploads\/2014\/10\/tdm-ruees-14-15-05-aff-web-212x300.jpg\" alt=\"tdm-ruees-14-15-05-aff-web\" width=\"212\" height=\"300\" srcset=\"https:\/\/www.ernestotimor.com\/irregular\/wp-content\/uploads\/2014\/10\/tdm-ruees-14-15-05-aff-web-212x300.jpg 212w, https:\/\/www.ernestotimor.com\/irregular\/wp-content\/uploads\/2014\/10\/tdm-ruees-14-15-05-aff-web-362x512.jpg 362w, https:\/\/www.ernestotimor.com\/irregular\/wp-content\/uploads\/2014\/10\/tdm-ruees-14-15-05-aff-web-106x150.jpg 106w, https:\/\/www.ernestotimor.com\/irregular\/wp-content\/uploads\/2014\/10\/tdm-ruees-14-15-05-aff-web.jpg 495w\" sizes=\"auto, (max-width: 212px) 100vw, 212px\" \/><\/aCl\u00f4ture du cycle et projection publique.\nPro\u00adjec\u00adtion de l\u2019int\u00e9grale r\u00e9alis\u00e9e depuis 1 an : une soir\u00e9e <em>Ru\u00e9e dans les Box<\/em> \u00e0 ne pas rater le vendredi 6 mars 2015<br \/>\nsi vous \u00eates en mesure de pousser votre monture jusqu&rsquo;\u00e0 <em>La Cavalerie<\/em> en Essonne ! <\/a><a title=\"Page de l'\u00e9v\u00e9nement...\" href=\"http:\/\/www.theatre-du-menteur.com\/ai1ec_event\/la-ruee-dans-les-box-5-vert-le-petit-2\/\">En savoir plus<\/a> sur cette soir\u00e9e&#8230;<\/h4>\n<\/div>\n<h4>Grand mix exp\u00e9rimental entre les mots de Fran\u00e7ois Chaffin et mes images, sans oublier les guitares de Benjamin Coursier. C\u00f4t\u00e9 texte il s&rsquo;agissait de faire sonner des bribes d&rsquo;<em><a title=\"En savoir plus...\" href=\"http:\/\/www.theatre-du-menteur.com\/les-spectacles\/entretiens-avec-la-mer\/\">Entretiens avec la mer<\/a><\/em>, texte chaudement sorti des forges de son auteur ; c\u00f4t\u00e9 images, une avalanche de petits films photographiques qui explorent \u00e0 leur fa\u00e7on les noirceurs sensibles de l\u2019affaire. Autant d\u2019\u00e9chos myst\u00e9rieux et os\u00e9s \u00e0 ce texte, d\u00e9gag\u00e9s de tout souci d\u2019illustration ou m\u00eame de pr\u00e9figuration du spectacle\u2026<\/h4>\n<p><br class=\"spacer\"\/>Le 10 f\u00e9vrier 2014, Fran\u00e7ois Chaffin a lu pour la premi\u00e8re fois en public quelques \u00e9pisodes de ce nouveau texte incandescent et noir, avec l&rsquo;\u00e9cho de sa musique ; tandis que je projetais une version remasteris\u00e9e et augment\u00e9e de ma s\u00e9quence <em>Not a crime<\/em> (qui n&rsquo;en finissait pas d&rsquo;attendre son heure), comme premi\u00e8re piste de la r\u00e9plique photographique que j&rsquo;envisageais de fournir \u00e0 cette cr\u00e9ation. Tout ceci sous les bienveillants auspices de Guillaume Lecamus, du Morbus Th\u00e9\u00e2tre, qui organise mensuellement des <em>Lectures-rencontres en appartement<\/em> \u00e0 Paris, dans le 13<sup>e<\/sup> (allez voir <a title=\"Hop, l\u00e0-bas !\" href=\"http:\/\/morbustheatre.com\/lectures_rencontres.php\">l\u00e0<\/a> si cela vous tente !)<\/p>\n<p>Devant le succ\u00e8s de la formule test\u00e9e sans filet au cours d&rsquo;une heure de live en ce d\u00e9but 2014, nous avons d\u00e9cid\u00e9 d&rsquo;en faire une version br\u00e8ve diffusable \u00e0 l&rsquo;\u00e9cran (un extrait de quelques minutes, texte et musique, qui \u00e9pouse \u00e0 sa fa\u00e7on foutraque le cours de la s\u00e9quence photographique). Ce fut la <em>Black Variation #1.<\/em><\/p>\n<p>Alors, nous avons d\u00e9cid\u00e9 que d&rsquo;autres <em>Black Variations<\/em> suivraient, offrant d&rsquo;autres \u00e9chos myst\u00e9rieux et os\u00e9s \u00e0 ce texte, avec pour nouvelle ambition de servir \u00e9galement d&rsquo;anticipations all\u00e9chantes de la cr\u00e9ation th\u00e9\u00e2trale&#8230; Une demi-douzaine d&rsquo;\u00e9pisodes a \u00e9t\u00e9 programm\u00e9e, \u00e0 un rythme quasi-mensuel, jusqu&rsquo;aux dates fran\u00e7aises de cr\u00e9ation du spectacle : <em><a title=\"En savoir plus...\" href=\"http:\/\/www.theatre-du-menteur.com\/les-spectacles\/entretiens-avec-la-mer\/\">Entretiens avec la mer<\/a><\/em>, une coproduction du Th\u00e9\u00e2tre du Menteur et du Th\u00e9\u00e2tre Kaze, premi\u00e8re version \u00e0 Tokyo en ao\u00fbt, cr\u00e9ation de la version fran\u00e7aise \u00e0 la Ferme de Bel Ebat (th\u00e9\u00e2tre de Guyancourt) les 6 et 7 novembre 2014.<\/p>\n<h5>\u00c0 la veille de quelques dates de reprise de la pi\u00e8ce en mars 2015, la saga des <em>Black Variations<\/em> se cl\u00f4ture sur un 7<sup>e<\/sup> \u00e9pisode pr\u00e9sent\u00e9 pour la premi\u00e8re fois lors d&rsquo;une soir\u00e9e de projection de l&rsquo;int\u00e9grale du projet : <em>Ru\u00e9e dans les Box<\/em> #5, le 6 mars 2015 au (petit) th\u00e9\u00e2tre de la Cavalerie : <a title=\"Hop, l\u00e0-bas !\" href=\"http:\/\/www.theatre-du-menteur.com\/ai1ec_event\/la-ruee-dans-les-box-5-vert-le-petit-2\/\">plus de d\u00e9tails ici<\/a> !<\/h5>\n<p>&nbsp;<\/p>\n<div class=\"encadre2015\">\n<p><strong>Black Variation #1<\/strong>, 4&rsquo;45\u00a0\u00bb, mars 2014<br \/>\ntextes et arrangements sonores : fran\u00e7ois chaffin \/ musique : j.-s. bach<br \/>\nphotographies et montage : ernesto timor (d\u2019apr\u00e8s la s\u00e9quence <em>not a crime<\/em>, feat. anne-lise)<\/p>\n<p><strong>Black Variation #2<\/strong>, 5&rsquo;26\u00a0\u00bb, avril 2014<br \/>\ntextes et arrangements sonores : fran\u00e7ois chaffin \/ musique : benjamin coursier<br \/>\nphotographies et montage : ernesto timor (d\u2019apr\u00e8s la s\u00e9quence <em>tornado<\/em>, feat. angele bangor)<\/p>\n<p><strong>Black Variation #3<\/strong>, 7&rsquo;30\u00a0\u00bb, mai-juin 2014<br \/>\nimage : ernesto timor (d\u2019apr\u00e8s des photos de r\u00e9p\u00e9tition France + Japon) \/ textes et arrangements sonores : fran\u00e7ois chaffin \/ musique : benjamin coursier \/ avec les voix de C\u00e9line Liger, Julien Defaye, Fran\u00e7ois Chaffin et des com\u00e9dien(ne)s du Kaze.<\/p>\n<p><strong>Black Variation #4<\/strong>, 5&rsquo;50\u00a0\u00bb, juin-juillet 2014<br \/>\ntextes et arrangements sonores : fran\u00e7ois chaffin \/ musique : benjamin coursier \/ photographies et montage : ernesto timor (d\u2019apr\u00e8s la s\u00e9quence <em>transmutation<\/em>, feat. caelia virga)<\/p>\n<p><strong>Black Variation #5<\/strong>, 6&rsquo;15\u00a0\u00bb, ao\u00fbt 2014<br \/>\ntextes et arrangements sonores : fran\u00e7ois chaffin \/ avec les voix de c\u00e9line liger, julien defaye, fran\u00e7ois chaffin et des com\u00e9dien(ne)s du kaze \/ photographies et montage : ernesto timor (d\u2019apr\u00e8s la s\u00e9quence <em>l\u2019esprit d\u2019escalier<\/em>)<\/p>\n<p><strong>Black Variation #6<\/strong>, 6&rsquo;50\u00a0\u00bb, octobre 2014<br \/>\ntextes et arrangements sonores : fran\u00e7ois chaffin \/ musique : benjamin coursier \/ avec les voix de c\u00e9line liger et fran\u00e7ois chaffin \/ photographies et montage : ernesto timor (d\u2019apr\u00e8s la s\u00e9quence <em>ceci n\u2019est pas une sc\u00e8ne<\/em>)<\/p>\n<p><strong>Black Variation #7<\/strong>, 5&rsquo;46\u00a0\u00bb, mars 2015<br \/>\ntextes et arrangements sonores : fran\u00e7ois chaffin \/ musique : benjamin coursier \/ avec les voix de c\u00e9line liger et fran\u00e7ois chaffin \/ photographies et montage : ernesto timor (d\u2019apr\u00e8s la s\u00e9quence <em>l&rsquo;entretien individuel<\/em>, feat. bea huet)<\/p>\n<\/div>\n<\/div>\n<div class=\"short-cry col-sm-6\">\n<iframe loading=\"lazy\" src=\"\/\/player.vimeo.com\/video\/89358338?title=0&amp;byline=0&amp;portrait=0\" width=\"460\" height=\"259\" frameborder=\"0\" allowfullscreen=\"allowfullscreen\"><\/iframe><br \/>\n<iframe loading=\"lazy\" src=\"\/\/player.vimeo.com\/video\/92337959?title=0&amp;byline=0&amp;portrait=0\" width=\"460\" height=\"259\" frameborder=\"0\" allowfullscreen=\"allowfullscreen\"><\/iframe><br \/>\n<iframe loading=\"lazy\" src=\"\/\/player.vimeo.com\/video\/97230316?title=0&amp;byline=0&amp;portrait=0\" width=\"460\" height=\"259\" frameborder=\"0\" allowfullscreen=\"allowfullscreen\"><\/iframe><br \/>\n<iframe loading=\"lazy\" src=\"\/\/player.vimeo.com\/video\/98080648?title=0&amp;byline=0&amp;portrait=0\" width=\"460\" height=\"259\" frameborder=\"0\" allowfullscreen=\"allowfullscreen\"><\/iframe><br \/>\n<iframe loading=\"lazy\" src=\"\/\/player.vimeo.com\/video\/103684463?title=0&amp;byline=0&amp;portrait=0\" width=\"460\" height=\"259\" frameborder=\"0\" allowfullscreen=\"allowfullscreen\"><\/iframe><br \/>\n<iframe loading=\"lazy\" src=\"\/\/player.vimeo.com\/video\/109065644?title=0&amp;byline=0&amp;portrait=0\" width=\"460\" height=\"259\" frameborder=\"0\" allowfullscreen=\"allowfullscreen\"><\/iframe><br \/>\n<iframe loading=\"lazy\" src=\"https:\/\/player.vimeo.com\/video\/120259475?title=0&amp;byline=0&amp;portrait=0\" width=\"460\" height=\"259\" frameborder=\"0\" allowfullscreen=\"allowfullscreen\"><\/iframe>\n<blockquote><p>\u00ab Voir clair, c&rsquo;est voir noir \u00bb disait Paul Val\u00e9ry.<br \/>\n\u00c0 vous de voir&#8230;<br \/>\n(en montant le son et en HD de pr\u00e9f\u00e9rence) !<\/p><\/blockquote>\n<p>&nbsp;<br \/>\n<\/p><\/div>\n","protected":false},"excerpt":{"rendered":"","protected":false},"author":2,"featured_media":0,"parent":15388,"menu_order":0,"comment_status":"closed","ping_status":"open","template":"","meta":{"ngg_post_thumbnail":0,"footnotes":""},"categories":[],"tags":[73,49,48,124,98,182,139,76,94,55,34],"class_list":["post-15412","page","type-page","status-publish","hentry","tag-actualite","tag-bizarre","tag-ce-que-je-crois","tag-cercles-vicieux","tag-corps","tag-echo","tag-les-bavardes","tag-mystere","tag-obscur","tag-performance","tag-rencontre"],"yoast_head":"<!-- This site is optimized with the Yoast SEO plugin v27.1.1 - https:\/\/yoast.com\/product\/yoast-seo-wordpress\/ -->\n<title>Black Variations, \u00e9cho \u00e0 Entretiens avec la mer \u22c6 Ernesto Timor<\/title>\n<meta name=\"description\" content=\"&quot;Black Variations&quot;, side-project pour &quot;Entretiens avec la mer&quot;. Mots de Fran\u00e7ois Chaffin, images d&#039;Ernesto Timor, guitares de Benjamin Coursier.\" \/>\n<meta name=\"robots\" content=\"index, follow, max-snippet:-1, max-image-preview:large, max-video-preview:-1\" \/>\n<link rel=\"canonical\" href=\"https:\/\/www.ernestotimor.com\/irregular\/echographies\/entretiens-avec-la-mer-variations-photographiques-2014\/\" \/>\n<meta property=\"og:locale\" content=\"fr_FR\" \/>\n<meta property=\"og:type\" content=\"article\" \/>\n<meta property=\"og:title\" content=\"Black Variations, \u00e9cho \u00e0 Entretiens avec la mer \u22c6 Ernesto Timor\" \/>\n<meta property=\"og:description\" content=\"&quot;Black Variations&quot;, side-project pour &quot;Entretiens avec la mer&quot;. Mots de Fran\u00e7ois Chaffin, images d&#039;Ernesto Timor, guitares de Benjamin Coursier.\" \/>\n<meta property=\"og:url\" content=\"https:\/\/www.ernestotimor.com\/irregular\/echographies\/entretiens-avec-la-mer-variations-photographiques-2014\/\" \/>\n<meta property=\"og:site_name\" content=\"Ernesto Timor, photographe auteur\" \/>\n<meta property=\"article:publisher\" content=\"https:\/\/www.facebook.com\/Timor.Rocks\/\" \/>\n<meta property=\"article:modified_time\" content=\"2025-10-26T17:27:18+00:00\" \/>\n<meta property=\"og:image\" content=\"https:\/\/www.ernestotimor.com\/irregular\/wp-content\/uploads\/2014\/10\/tdm-ruees-14-15-05-aff-web.jpg\" \/>\n\t<meta property=\"og:image:width\" content=\"495\" \/>\n\t<meta property=\"og:image:height\" content=\"700\" \/>\n\t<meta property=\"og:image:type\" content=\"image\/jpeg\" \/>\n<meta name=\"twitter:card\" content=\"summary_large_image\" \/>\n<meta name=\"twitter:label1\" content=\"Dur\u00e9e de lecture estim\u00e9e\" \/>\n\t<meta name=\"twitter:data1\" content=\"4 minutes\" \/>\n<script type=\"application\/ld+json\" class=\"yoast-schema-graph\">{\"@context\":\"https:\/\/schema.org\",\"@graph\":[{\"@type\":\"WebPage\",\"@id\":\"https:\/\/www.ernestotimor.com\/irregular\/echographies\/entretiens-avec-la-mer-variations-photographiques-2014\/\",\"url\":\"https:\/\/www.ernestotimor.com\/irregular\/echographies\/entretiens-avec-la-mer-variations-photographiques-2014\/\",\"name\":\"Black Variations, \u00e9cho \u00e0 Entretiens avec la mer \u22c6 Ernesto Timor\",\"isPartOf\":{\"@id\":\"https:\/\/www.ernestotimor.com\/irregular\/#website\"},\"primaryImageOfPage\":{\"@id\":\"https:\/\/www.ernestotimor.com\/irregular\/echographies\/entretiens-avec-la-mer-variations-photographiques-2014\/#primaryimage\"},\"image\":{\"@id\":\"https:\/\/www.ernestotimor.com\/irregular\/echographies\/entretiens-avec-la-mer-variations-photographiques-2014\/#primaryimage\"},\"thumbnailUrl\":\"http:\/\/www.ernestotimor.com\/irregular\/wp-content\/uploads\/2014\/10\/tdm-ruees-14-15-05-aff-web-212x300.jpg\",\"datePublished\":\"2015-03-07T09:00:04+00:00\",\"dateModified\":\"2025-10-26T17:27:18+00:00\",\"description\":\"\\\"Black Variations\\\", side-project pour \\\"Entretiens avec la mer\\\". Mots de Fran\u00e7ois Chaffin, images d'Ernesto Timor, guitares de Benjamin Coursier.\",\"breadcrumb\":{\"@id\":\"https:\/\/www.ernestotimor.com\/irregular\/echographies\/entretiens-avec-la-mer-variations-photographiques-2014\/#breadcrumb\"},\"inLanguage\":\"fr-FR\",\"potentialAction\":[{\"@type\":\"ReadAction\",\"target\":[\"https:\/\/www.ernestotimor.com\/irregular\/echographies\/entretiens-avec-la-mer-variations-photographiques-2014\/\"]}]},{\"@type\":\"ImageObject\",\"inLanguage\":\"fr-FR\",\"@id\":\"https:\/\/www.ernestotimor.com\/irregular\/echographies\/entretiens-avec-la-mer-variations-photographiques-2014\/#primaryimage\",\"url\":\"https:\/\/www.ernestotimor.com\/irregular\/wp-content\/uploads\/2014\/10\/tdm-ruees-14-15-05-aff-web.jpg\",\"contentUrl\":\"https:\/\/www.ernestotimor.com\/irregular\/wp-content\/uploads\/2014\/10\/tdm-ruees-14-15-05-aff-web.jpg\",\"width\":495,\"height\":700},{\"@type\":\"BreadcrumbList\",\"@id\":\"https:\/\/www.ernestotimor.com\/irregular\/echographies\/entretiens-avec-la-mer-variations-photographiques-2014\/#breadcrumb\",\"itemListElement\":[{\"@type\":\"ListItem\",\"position\":1,\"name\":\"Accueil\",\"item\":\"https:\/\/www.ernestotimor.com\/irregular\/\"},{\"@type\":\"ListItem\",\"position\":2,\"name\":\"Echographies : Ernesto Timor &#038; friends\",\"item\":\"https:\/\/www.ernestotimor.com\/irregular\/echographies\/\"},{\"@type\":\"ListItem\",\"position\":3,\"name\":\"Black Variations : un side-project pour Entretiens avec la mer, 2014-2015\"}]},{\"@type\":\"WebSite\",\"@id\":\"https:\/\/www.ernestotimor.com\/irregular\/#website\",\"url\":\"https:\/\/www.ernestotimor.com\/irregular\/\",\"name\":\"Ernesto Timor, photographe auteur\",\"description\":\"Travaux personnels, galeries d&#039;art et d&#039;essai\",\"publisher\":{\"@id\":\"https:\/\/www.ernestotimor.com\/irregular\/#organization\"},\"potentialAction\":[{\"@type\":\"SearchAction\",\"target\":{\"@type\":\"EntryPoint\",\"urlTemplate\":\"https:\/\/www.ernestotimor.com\/irregular\/?s={search_term_string}\"},\"query-input\":{\"@type\":\"PropertyValueSpecification\",\"valueRequired\":true,\"valueName\":\"search_term_string\"}}],\"inLanguage\":\"fr-FR\"},{\"@type\":\"Organization\",\"@id\":\"https:\/\/www.ernestotimor.com\/irregular\/#organization\",\"name\":\"Timor Rocks !\",\"url\":\"https:\/\/www.ernestotimor.com\/irregular\/\",\"logo\":{\"@type\":\"ImageObject\",\"inLanguage\":\"fr-FR\",\"@id\":\"https:\/\/www.ernestotimor.com\/irregular\/#\/schema\/logo\/image\/\",\"url\":\"https:\/\/www.ernestotimor.com\/irregular\/wp-content\/uploads\/2019\/09\/irregular-2019-logo-wp-2.png\",\"contentUrl\":\"https:\/\/www.ernestotimor.com\/irregular\/wp-content\/uploads\/2019\/09\/irregular-2019-logo-wp-2.png\",\"width\":240,\"height\":120,\"caption\":\"Timor Rocks !\"},\"image\":{\"@id\":\"https:\/\/www.ernestotimor.com\/irregular\/#\/schema\/logo\/image\/\"},\"sameAs\":[\"https:\/\/www.facebook.com\/Timor.Rocks\/\",\"http:\/\/fr.linkedin.com\/in\/timorrocks\",\"https:\/\/www.youtube.com\/user\/Theatredumenteur\"]}]}<\/script>\n<!-- \/ Yoast SEO plugin. -->","yoast_head_json":{"title":"Black Variations, \u00e9cho \u00e0 Entretiens avec la mer \u22c6 Ernesto Timor","description":"\"Black Variations\", side-project pour \"Entretiens avec la mer\". Mots de Fran\u00e7ois Chaffin, images d'Ernesto Timor, guitares de Benjamin Coursier.","robots":{"index":"index","follow":"follow","max-snippet":"max-snippet:-1","max-image-preview":"max-image-preview:large","max-video-preview":"max-video-preview:-1"},"canonical":"https:\/\/www.ernestotimor.com\/irregular\/echographies\/entretiens-avec-la-mer-variations-photographiques-2014\/","og_locale":"fr_FR","og_type":"article","og_title":"Black Variations, \u00e9cho \u00e0 Entretiens avec la mer \u22c6 Ernesto Timor","og_description":"\"Black Variations\", side-project pour \"Entretiens avec la mer\". Mots de Fran\u00e7ois Chaffin, images d'Ernesto Timor, guitares de Benjamin Coursier.","og_url":"https:\/\/www.ernestotimor.com\/irregular\/echographies\/entretiens-avec-la-mer-variations-photographiques-2014\/","og_site_name":"Ernesto Timor, photographe auteur","article_publisher":"https:\/\/www.facebook.com\/Timor.Rocks\/","article_modified_time":"2025-10-26T17:27:18+00:00","og_image":[{"width":495,"height":700,"url":"https:\/\/www.ernestotimor.com\/irregular\/wp-content\/uploads\/2014\/10\/tdm-ruees-14-15-05-aff-web.jpg","type":"image\/jpeg"}],"twitter_card":"summary_large_image","twitter_misc":{"Dur\u00e9e de lecture estim\u00e9e":"4 minutes"},"schema":{"@context":"https:\/\/schema.org","@graph":[{"@type":"WebPage","@id":"https:\/\/www.ernestotimor.com\/irregular\/echographies\/entretiens-avec-la-mer-variations-photographiques-2014\/","url":"https:\/\/www.ernestotimor.com\/irregular\/echographies\/entretiens-avec-la-mer-variations-photographiques-2014\/","name":"Black Variations, \u00e9cho \u00e0 Entretiens avec la mer \u22c6 Ernesto Timor","isPartOf":{"@id":"https:\/\/www.ernestotimor.com\/irregular\/#website"},"primaryImageOfPage":{"@id":"https:\/\/www.ernestotimor.com\/irregular\/echographies\/entretiens-avec-la-mer-variations-photographiques-2014\/#primaryimage"},"image":{"@id":"https:\/\/www.ernestotimor.com\/irregular\/echographies\/entretiens-avec-la-mer-variations-photographiques-2014\/#primaryimage"},"thumbnailUrl":"http:\/\/www.ernestotimor.com\/irregular\/wp-content\/uploads\/2014\/10\/tdm-ruees-14-15-05-aff-web-212x300.jpg","datePublished":"2015-03-07T09:00:04+00:00","dateModified":"2025-10-26T17:27:18+00:00","description":"\"Black Variations\", side-project pour \"Entretiens avec la mer\". Mots de Fran\u00e7ois Chaffin, images d'Ernesto Timor, guitares de Benjamin Coursier.","breadcrumb":{"@id":"https:\/\/www.ernestotimor.com\/irregular\/echographies\/entretiens-avec-la-mer-variations-photographiques-2014\/#breadcrumb"},"inLanguage":"fr-FR","potentialAction":[{"@type":"ReadAction","target":["https:\/\/www.ernestotimor.com\/irregular\/echographies\/entretiens-avec-la-mer-variations-photographiques-2014\/"]}]},{"@type":"ImageObject","inLanguage":"fr-FR","@id":"https:\/\/www.ernestotimor.com\/irregular\/echographies\/entretiens-avec-la-mer-variations-photographiques-2014\/#primaryimage","url":"https:\/\/www.ernestotimor.com\/irregular\/wp-content\/uploads\/2014\/10\/tdm-ruees-14-15-05-aff-web.jpg","contentUrl":"https:\/\/www.ernestotimor.com\/irregular\/wp-content\/uploads\/2014\/10\/tdm-ruees-14-15-05-aff-web.jpg","width":495,"height":700},{"@type":"BreadcrumbList","@id":"https:\/\/www.ernestotimor.com\/irregular\/echographies\/entretiens-avec-la-mer-variations-photographiques-2014\/#breadcrumb","itemListElement":[{"@type":"ListItem","position":1,"name":"Accueil","item":"https:\/\/www.ernestotimor.com\/irregular\/"},{"@type":"ListItem","position":2,"name":"Echographies : Ernesto Timor &#038; friends","item":"https:\/\/www.ernestotimor.com\/irregular\/echographies\/"},{"@type":"ListItem","position":3,"name":"Black Variations : un side-project pour Entretiens avec la mer, 2014-2015"}]},{"@type":"WebSite","@id":"https:\/\/www.ernestotimor.com\/irregular\/#website","url":"https:\/\/www.ernestotimor.com\/irregular\/","name":"Ernesto Timor, photographe auteur","description":"Travaux personnels, galeries d&#039;art et d&#039;essai","publisher":{"@id":"https:\/\/www.ernestotimor.com\/irregular\/#organization"},"potentialAction":[{"@type":"SearchAction","target":{"@type":"EntryPoint","urlTemplate":"https:\/\/www.ernestotimor.com\/irregular\/?s={search_term_string}"},"query-input":{"@type":"PropertyValueSpecification","valueRequired":true,"valueName":"search_term_string"}}],"inLanguage":"fr-FR"},{"@type":"Organization","@id":"https:\/\/www.ernestotimor.com\/irregular\/#organization","name":"Timor Rocks !","url":"https:\/\/www.ernestotimor.com\/irregular\/","logo":{"@type":"ImageObject","inLanguage":"fr-FR","@id":"https:\/\/www.ernestotimor.com\/irregular\/#\/schema\/logo\/image\/","url":"https:\/\/www.ernestotimor.com\/irregular\/wp-content\/uploads\/2019\/09\/irregular-2019-logo-wp-2.png","contentUrl":"https:\/\/www.ernestotimor.com\/irregular\/wp-content\/uploads\/2019\/09\/irregular-2019-logo-wp-2.png","width":240,"height":120,"caption":"Timor Rocks !"},"image":{"@id":"https:\/\/www.ernestotimor.com\/irregular\/#\/schema\/logo\/image\/"},"sameAs":["https:\/\/www.facebook.com\/Timor.Rocks\/","http:\/\/fr.linkedin.com\/in\/timorrocks","https:\/\/www.youtube.com\/user\/Theatredumenteur"]}]}},"_links":{"self":[{"href":"https:\/\/www.ernestotimor.com\/irregular\/wp-json\/wp\/v2\/pages\/15412","targetHints":{"allow":["GET"]}}],"collection":[{"href":"https:\/\/www.ernestotimor.com\/irregular\/wp-json\/wp\/v2\/pages"}],"about":[{"href":"https:\/\/www.ernestotimor.com\/irregular\/wp-json\/wp\/v2\/types\/page"}],"author":[{"embeddable":true,"href":"https:\/\/www.ernestotimor.com\/irregular\/wp-json\/wp\/v2\/users\/2"}],"replies":[{"embeddable":true,"href":"https:\/\/www.ernestotimor.com\/irregular\/wp-json\/wp\/v2\/comments?post=15412"}],"version-history":[{"count":3,"href":"https:\/\/www.ernestotimor.com\/irregular\/wp-json\/wp\/v2\/pages\/15412\/revisions"}],"predecessor-version":[{"id":25469,"href":"https:\/\/www.ernestotimor.com\/irregular\/wp-json\/wp\/v2\/pages\/15412\/revisions\/25469"}],"up":[{"embeddable":true,"href":"https:\/\/www.ernestotimor.com\/irregular\/wp-json\/wp\/v2\/pages\/15388"}],"wp:attachment":[{"href":"https:\/\/www.ernestotimor.com\/irregular\/wp-json\/wp\/v2\/media?parent=15412"}],"wp:term":[{"taxonomy":"category","embeddable":true,"href":"https:\/\/www.ernestotimor.com\/irregular\/wp-json\/wp\/v2\/categories?post=15412"},{"taxonomy":"post_tag","embeddable":true,"href":"https:\/\/www.ernestotimor.com\/irregular\/wp-json\/wp\/v2\/tags?post=15412"}],"curies":[{"name":"wp","href":"https:\/\/api.w.org\/{rel}","templated":true}]}}