{"id":17057,"date":"2015-05-02T16:27:38","date_gmt":"2015-05-02T14:27:38","guid":{"rendered":"http:\/\/www.ernestotimor.com\/irregular\/?p=17057"},"modified":"2025-10-26T18:06:06","modified_gmt":"2025-10-26T17:06:06","slug":"mes-champs-visuels-apparitions-reconstructions-une-suite-photographique","status":"publish","type":"page","link":"https:\/\/www.ernestotimor.com\/irregular\/expositions\/expositions-passees-encore-visibles-en-ligne\/mes-champs-visuels-apparitions-reconstructions-une-suite-photographique\/","title":{"rendered":"Mes champs visuels [Apparitions &#038; Reconstructions], <br\/>une suite photographique"},"content":{"rendered":"<p style=\"font-weight: 400;\"><span style=\"font-weight: 400;\"><div class=\"short-cry col-sm-6\">\n<p style=\"font-weight: 400;\">&nbsp;<\/p>\n<figure id=\"attachment_22746\" aria-describedby=\"caption-attachment-22746\" style=\"width: 512px\" class=\"wp-caption alignnone\"><a href=\"http:\/\/www.ernestotimor.com\/irregular\/wp-content\/uploads\/2015\/05\/1408-angellugdu5419.jpg\"><img loading=\"lazy\" decoding=\"async\" class=\"wp-image-22746 size-large\" title=\"Cliquer pour agrandir\" src=\"http:\/\/www.ernestotimor.com\/irregular\/wp-content\/uploads\/2015\/05\/1408-angellugdu5419-512x341.jpg\" alt=\"Photo \u00a9 Ernesto Timor - Mes champs visuels\" width=\"512\" height=\"341\" srcset=\"https:\/\/www.ernestotimor.com\/irregular\/wp-content\/uploads\/2015\/05\/1408-angellugdu5419-512x341.jpg 512w, https:\/\/www.ernestotimor.com\/irregular\/wp-content\/uploads\/2015\/05\/1408-angellugdu5419-300x200.jpg 300w, https:\/\/www.ernestotimor.com\/irregular\/wp-content\/uploads\/2015\/05\/1408-angellugdu5419-225x150.jpg 225w, https:\/\/www.ernestotimor.com\/irregular\/wp-content\/uploads\/2015\/05\/1408-angellugdu5419-150x100.jpg 150w, https:\/\/www.ernestotimor.com\/irregular\/wp-content\/uploads\/2015\/05\/1408-angellugdu5419.jpg 700w\" sizes=\"auto, (max-width: 512px) 100vw, 512px\" \/><\/a><figcaption id=\"caption-attachment-22746\" class=\"wp-caption-text\">Soyez attentif&#8230;<\/figcaption><\/figure>\n<p>&nbsp;<\/p>\n<figure id=\"attachment_23075\" aria-describedby=\"caption-attachment-23075\" style=\"width: 300px\" class=\"wp-caption alignleft\"><a href=\"http:\/\/www.ernestotimor.com\/irregular\/wp-content\/uploads\/2015\/05\/1512-i-l-com2847.jpg\"><img loading=\"lazy\" decoding=\"async\" class=\"wp-image-23075 size-medium\" src=\"http:\/\/www.ernestotimor.com\/irregular\/wp-content\/uploads\/2015\/05\/1512-i-l-com2847-300x240.jpg\" width=\"300\" height=\"240\" srcset=\"https:\/\/www.ernestotimor.com\/irregular\/wp-content\/uploads\/2015\/05\/1512-i-l-com2847-300x240.jpg 300w, https:\/\/www.ernestotimor.com\/irregular\/wp-content\/uploads\/2015\/05\/1512-i-l-com2847-512x409.jpg 512w, https:\/\/www.ernestotimor.com\/irregular\/wp-content\/uploads\/2015\/05\/1512-i-l-com2847-188x150.jpg 188w, https:\/\/www.ernestotimor.com\/irregular\/wp-content\/uploads\/2015\/05\/1512-i-l-com2847-150x120.jpg 150w, https:\/\/www.ernestotimor.com\/irregular\/wp-content\/uploads\/2015\/05\/1512-i-l-com2847.jpg 700w\" sizes=\"auto, (max-width: 300px) 100vw, 300px\" \/><\/a><figcaption id=\"caption-attachment-23075\" class=\"wp-caption-text\"><em>Mes champs visuels,<\/em> deux volumes parus, tirages de t\u00eate augment\u00e9s d&rsquo;un tirage original&#8230;<\/figcaption><\/figure>\n<p>&nbsp;<\/p>\n<hr \/>\n<p>Chaque cycle a fait l\u2019objet d\u2019une <strong>publication en tirage limit\u00e9<\/strong> (50 ex.) dans la collection <em>Surfaces sensibles<\/em> des \u00e9ditions Image Latente. Eh oui, de vrais livres \u2014 grands en format sinon en nombre de pages, plut\u00f4t \u00e9tonnants, un peu beaux, en somme ! Tous les d\u00e9tails et le moyen de commander sur le <a title=\"Hop, l\u00e0-bas !\" href=\"http:\/\/www.timor-rocks.com\/image-latente\/publications\/mes-champs-visuels-1\/\">site des \u00e9ditions Image Latente<\/a>&#8230;<\/p>\n<p><br class=\"spacer\"\/><br class=\"spacer\"\/><br class=\"spacer\"\/><br class=\"spacer\"\/><br class=\"spacer\"\/><\/p>\n<p><a href=\"http:\/\/www.ernestotimor.com\/irregular\/wp-content\/uploads\/2015\/05\/cordeau-meduze-teaser-ernesto-6.jpg\"><img loading=\"lazy\" decoding=\"async\" class=\"alignnone wp-image-23210 size-large\" title=\"Cliquer pour agrandir\" src=\"http:\/\/www.ernestotimor.com\/irregular\/wp-content\/uploads\/2015\/05\/cordeau-meduze-teaser-ernesto-6-512x341.jpg\" alt=\"Photo et graphisme \u00a9 Ernesto Timor - Mes champs visuels : expo \u00e0 la M\u00e9duze\" width=\"512\" height=\"341\" srcset=\"https:\/\/www.ernestotimor.com\/irregular\/wp-content\/uploads\/2015\/05\/cordeau-meduze-teaser-ernesto-6-512x341.jpg 512w, https:\/\/www.ernestotimor.com\/irregular\/wp-content\/uploads\/2015\/05\/cordeau-meduze-teaser-ernesto-6-300x200.jpg 300w, https:\/\/www.ernestotimor.com\/irregular\/wp-content\/uploads\/2015\/05\/cordeau-meduze-teaser-ernesto-6-768x512.jpg 768w, https:\/\/www.ernestotimor.com\/irregular\/wp-content\/uploads\/2015\/05\/cordeau-meduze-teaser-ernesto-6-225x150.jpg 225w, https:\/\/www.ernestotimor.com\/irregular\/wp-content\/uploads\/2015\/05\/cordeau-meduze-teaser-ernesto-6-150x100.jpg 150w, https:\/\/www.ernestotimor.com\/irregular\/wp-content\/uploads\/2015\/05\/cordeau-meduze-teaser-ernesto-6.jpg 1600w\" sizes=\"auto, (max-width: 512px) 100vw, 512px\" \/><\/a><\/p>\n<p><strong>Expo \u00e0 l&rsquo;affiche : du 27 avril au 16 mai 2017, \u00e0 La M\u00e9duze (Lyon 1<sup>er<\/sup>).<\/strong> Sous le titre <em>Tir\u00e9 au cordeau<\/em>, 8 grands tirages de <em>Mes champs visuels<\/em>, face aux photographies d&rsquo;Emre Orhun qui fait parler les cordes \u00e0 sa mani\u00e8re&#8230; Vernissage le jeudi 27 avril avec le guitariste Jeff Duschek qui performe en live sur la projection de l\u2019int\u00e9grale \u00e0 ce jour des courts films photographiques de <a href=\"http:\/\/www.ernestotimor.com\/irregular\/echographies\/pour-que-tu-ne-perdes-pas-le-fil\/\"><em>Pour que tu ne perdes pas le fil,<\/em><\/a> nouvelle \u00e9tape de ce projet !<br \/>\n<br class=\"spacer\"\/><a href=\"http:\/\/www.ernestotimor.com\/irregular\/wp-content\/uploads\/2017\/03\/cordeau-meduze-flyer-pano.jpg\"><img loading=\"lazy\" decoding=\"async\" class=\"alignnone size-large wp-image-23138\" src=\"http:\/\/www.ernestotimor.com\/irregular\/wp-content\/uploads\/2017\/03\/cordeau-meduze-flyer-pano-512x241.jpg\" alt=\"\" width=\"512\" height=\"241\" srcset=\"https:\/\/www.ernestotimor.com\/irregular\/wp-content\/uploads\/2017\/03\/cordeau-meduze-flyer-pano-512x241.jpg 512w, https:\/\/www.ernestotimor.com\/irregular\/wp-content\/uploads\/2017\/03\/cordeau-meduze-flyer-pano-300x141.jpg 300w, https:\/\/www.ernestotimor.com\/irregular\/wp-content\/uploads\/2017\/03\/cordeau-meduze-flyer-pano-768x362.jpg 768w, https:\/\/www.ernestotimor.com\/irregular\/wp-content\/uploads\/2017\/03\/cordeau-meduze-flyer-pano-250x118.jpg 250w, https:\/\/www.ernestotimor.com\/irregular\/wp-content\/uploads\/2017\/03\/cordeau-meduze-flyer-pano-150x71.jpg 150w, https:\/\/www.ernestotimor.com\/irregular\/wp-content\/uploads\/2017\/03\/cordeau-meduze-flyer-pano.jpg 1600w\" sizes=\"auto, (max-width: 512px) 100vw, 512px\" \/><\/a><\/p>\n<p><br class=\"spacer\"\/><strong>Expo pr\u00e9c\u00e9dente. <\/strong>Ce projet s&rsquo;est expos\u00e9 pour la premi\u00e8re fois dans le cadre de l&rsquo;excellent et belge festival <a href=\"http:\/\/chicncheap.be\/\">Chic &amp; Cheap<\/a> \u00e0 Li\u00e8ge, du 31 juillet au 16 ao\u00fbt 2015.<\/p>\n<p style=\"font-weight: 400;\">&nbsp;<\/p>\n<p style=\"font-weight: 400;\"><span style=\"font-weight: 400;\"><\/span><\/p><\/div><\/span><\/p>\n<p style=\"font-weight: 400;\"><span style=\"font-weight: 400;\"><div class=\"short-cry col-sm-6\">\n<p style=\"font-weight: 400;\">&nbsp;<\/p>\n<p style=\"font-weight: 400;\">&nbsp;<\/p>\n<blockquote><p>La balade est irr\u00e9guli\u00e8re, elle s\u2019interrompt chaque fois que le paysage dicte une station. Une configuration ind\u00e9finissable, un arrangement du d\u00e9cor, une co\u00efncidence de lumi\u00e8re\u2026 bel endroit pour une apparition !<br \/>\nLe photographe d\u00e9plie son tr\u00e9pied, puis il fait son cadre \u2014 au pied de la lettre, un quadrilat\u00e8re qu\u2019il tire au cordeau, accroche comme il peut. Parfois \u00e7a rate, il ne se passe rien dans le collimateur. Que du vent. Mais parfois la grande illusion fonctionne, le fantasme prend corps : cet album en collecte les preuves.<\/p><\/blockquote>\n<p><em>Mes champs visuels<\/em> est un projet que j&rsquo;ai d&rsquo;abord men\u00e9 au cours de deux petites immersions en paysages naturels. Le cycle 1 a \u00e9t\u00e9 photographi\u00e9 en for\u00eat de Broc\u00e9liande au printemps 2014, le cycle 2 \u00e0 l\u2019\u00e9t\u00e9 2014 dans le Bugey, avec compl\u00e9ments \u00e0 Lyon. Un troisi\u00e8me et dernier cycle est en cours, il se peut qu&rsquo;il boucle la boucle en for\u00eat de Broc\u00e9liande. Tous les cycles d&rsquo;apparitions et disparitions se sont faits avec la complicit\u00e9 d&rsquo;Ang\u00e8le Bangor.<\/p>\n<p>&nbsp;<\/p>\nngg_shortcode_0_placeholder\n<p>Indiscr\u00e9tions sur le cycle 3 (en cours, parution \u00e0 venir).<\/p>\nngg_shortcode_1_placeholder<br class=\"spacer\"\/><br class=\"spacer\"\/>\n<div class=\"encadre2015\">\n<p><strong>Produits d\u00e9riv\u00e9s. <\/strong>Ce projet a engendr\u00e9 une filiation qui ne tient pas en place, intitul\u00e9e <em>Pour que tu ne perdes pas le fil.<\/em> On y retrouve la pelote de cordeau, qui cadre un peu tout \u00e7a. Cette contrainte cr\u00e9ative mise \u00e0 part, l&rsquo;approche est diff\u00e9rente, voire compl\u00e9mentaire : l&rsquo;humain est au premier plan, c&rsquo;est lui qui d\u00e9cide comment tout cela va se d\u00e9rouler, en l&rsquo;impliquant \u00e0 des degr\u00e9s divers. Ce basculement du c\u00f4t\u00e9 de l&rsquo;incertain et du d\u00e9roulement intime a fait aussi changer le mode de restitution : c&rsquo;est le chemin qui importe, ses tentatives et ses retours sur soi, il faut pouvoir glisser le long de cette profusion d&rsquo;images interm\u00e9diaires, et la restitution passe donc des petits films photographiques, autant que de rencontres, de performances&#8230; A d\u00e9couvrir <a href=\"http:\/\/www.ernestotimor.com\/irregular\/echographies\/pour-que-tu-ne-perdes-pas-le-fil\/\">plus en d\u00e9tail ici<\/a>&#8230;<\/p>\n<\/div>\n<p>&nbsp;<\/p>\n<p><span style=\"font-weight: 400;\"><\/span><\/p><\/div><\/span><\/p>\n<hr>\n","protected":false},"excerpt":{"rendered":"","protected":false},"author":2,"featured_media":20028,"parent":10838,"menu_order":0,"comment_status":"closed","ping_status":"closed","template":"","meta":{"ngg_post_thumbnail":0,"footnotes":""},"categories":[143,30,16,59,142],"tags":[49,98,44,51,57,104,55,184,34,87,306],"class_list":["post-17057","page","type-page","status-publish","has-post-thumbnail","hentry","category-irregular-3-0","category-mises-en-scene","category-nouveautes-trompe-la-mort","category-photographie","category-publication","tag-bizarre","tag-corps","tag-couleur","tag-nature","tag-noir-et-blanc","tag-paysage","tag-performance","tag-pour-que-tu-ne-perdes-pas-le-fil","tag-rencontre","tag-reve","tag-sequences-photographiques"],"yoast_head":"<!-- This site is optimized with the Yoast SEO plugin v27.1.1 - https:\/\/yoast.com\/product\/yoast-seo-wordpress\/ -->\n<title>Mes champs visuels [Apparitions &amp; Reconstructions], une suite photographique &#8902; Ernesto Timor, photographe auteur<\/title>\n<meta name=\"robots\" content=\"index, follow, max-snippet:-1, max-image-preview:large, max-video-preview:-1\" \/>\n<link rel=\"canonical\" href=\"https:\/\/www.ernestotimor.com\/irregular\/expositions\/expositions-passees-encore-visibles-en-ligne\/mes-champs-visuels-apparitions-reconstructions-une-suite-photographique\/\" \/>\n<meta property=\"og:locale\" content=\"fr_FR\" \/>\n<meta property=\"og:type\" content=\"article\" \/>\n<meta property=\"og:title\" content=\"Mes champs visuels [Apparitions &amp; Reconstructions], une suite photographique &#8902; Ernesto Timor, photographe auteur\" \/>\n<meta property=\"og:url\" content=\"https:\/\/www.ernestotimor.com\/irregular\/expositions\/expositions-passees-encore-visibles-en-ligne\/mes-champs-visuels-apparitions-reconstructions-une-suite-photographique\/\" \/>\n<meta property=\"og:site_name\" content=\"Ernesto Timor, photographe auteur\" \/>\n<meta property=\"article:publisher\" content=\"https:\/\/www.facebook.com\/Timor.Rocks\/\" \/>\n<meta property=\"article:modified_time\" content=\"2025-10-26T17:06:06+00:00\" \/>\n<meta property=\"og:image\" content=\"https:\/\/www.ernestotimor.com\/irregular\/wp-content\/uploads\/2015\/04\/1408-angellugdu5419-slide.jpg\" \/>\n\t<meta property=\"og:image:width\" content=\"1150\" \/>\n\t<meta property=\"og:image:height\" content=\"400\" \/>\n\t<meta property=\"og:image:type\" content=\"image\/jpeg\" \/>\n<meta name=\"twitter:card\" content=\"summary_large_image\" \/>\n<meta name=\"twitter:label1\" content=\"Dur\u00e9e de lecture estim\u00e9e\" \/>\n\t<meta name=\"twitter:data1\" content=\"4 minutes\" \/>\n<script type=\"application\/ld+json\" class=\"yoast-schema-graph\">{\"@context\":\"https:\/\/schema.org\",\"@graph\":[{\"@type\":\"WebPage\",\"@id\":\"https:\/\/www.ernestotimor.com\/irregular\/expositions\/expositions-passees-encore-visibles-en-ligne\/mes-champs-visuels-apparitions-reconstructions-une-suite-photographique\/\",\"url\":\"https:\/\/www.ernestotimor.com\/irregular\/expositions\/expositions-passees-encore-visibles-en-ligne\/mes-champs-visuels-apparitions-reconstructions-une-suite-photographique\/\",\"name\":\"Mes champs visuels [Apparitions & Reconstructions], une suite photographique &#8902; Ernesto Timor, photographe auteur\",\"isPartOf\":{\"@id\":\"https:\/\/www.ernestotimor.com\/irregular\/#website\"},\"primaryImageOfPage\":{\"@id\":\"https:\/\/www.ernestotimor.com\/irregular\/expositions\/expositions-passees-encore-visibles-en-ligne\/mes-champs-visuels-apparitions-reconstructions-une-suite-photographique\/#primaryimage\"},\"image\":{\"@id\":\"https:\/\/www.ernestotimor.com\/irregular\/expositions\/expositions-passees-encore-visibles-en-ligne\/mes-champs-visuels-apparitions-reconstructions-une-suite-photographique\/#primaryimage\"},\"thumbnailUrl\":\"https:\/\/www.ernestotimor.com\/irregular\/wp-content\/uploads\/2015\/04\/1408-angellugdu5419-slide.jpg\",\"datePublished\":\"2015-05-02T14:27:38+00:00\",\"dateModified\":\"2025-10-26T17:06:06+00:00\",\"breadcrumb\":{\"@id\":\"https:\/\/www.ernestotimor.com\/irregular\/expositions\/expositions-passees-encore-visibles-en-ligne\/mes-champs-visuels-apparitions-reconstructions-une-suite-photographique\/#breadcrumb\"},\"inLanguage\":\"fr-FR\",\"potentialAction\":[{\"@type\":\"ReadAction\",\"target\":[\"https:\/\/www.ernestotimor.com\/irregular\/expositions\/expositions-passees-encore-visibles-en-ligne\/mes-champs-visuels-apparitions-reconstructions-une-suite-photographique\/\"]}]},{\"@type\":\"ImageObject\",\"inLanguage\":\"fr-FR\",\"@id\":\"https:\/\/www.ernestotimor.com\/irregular\/expositions\/expositions-passees-encore-visibles-en-ligne\/mes-champs-visuels-apparitions-reconstructions-une-suite-photographique\/#primaryimage\",\"url\":\"https:\/\/www.ernestotimor.com\/irregular\/wp-content\/uploads\/2015\/04\/1408-angellugdu5419-slide.jpg\",\"contentUrl\":\"https:\/\/www.ernestotimor.com\/irregular\/wp-content\/uploads\/2015\/04\/1408-angellugdu5419-slide.jpg\",\"width\":1150,\"height\":400,\"caption\":\"Photo \u00a9 Ernesto Timor\"},{\"@type\":\"BreadcrumbList\",\"@id\":\"https:\/\/www.ernestotimor.com\/irregular\/expositions\/expositions-passees-encore-visibles-en-ligne\/mes-champs-visuels-apparitions-reconstructions-une-suite-photographique\/#breadcrumb\",\"itemListElement\":[{\"@type\":\"ListItem\",\"position\":1,\"name\":\"Accueil\",\"item\":\"https:\/\/www.ernestotimor.com\/irregular\/\"},{\"@type\":\"ListItem\",\"position\":2,\"name\":\"Expositions\",\"item\":\"https:\/\/www.ernestotimor.com\/irregular\/expositions\/\"},{\"@type\":\"ListItem\",\"position\":3,\"name\":\"Expos d\u00e9j\u00e0 anciennes\",\"item\":\"https:\/\/www.ernestotimor.com\/irregular\/expositions\/expositions-passees-encore-visibles-en-ligne\/\"},{\"@type\":\"ListItem\",\"position\":4,\"name\":\"Mes champs visuels [Apparitions &#038; Reconstructions], une suite photographique\"}]},{\"@type\":\"WebSite\",\"@id\":\"https:\/\/www.ernestotimor.com\/irregular\/#website\",\"url\":\"https:\/\/www.ernestotimor.com\/irregular\/\",\"name\":\"Ernesto Timor, photographe auteur\",\"description\":\"Travaux personnels, galeries d&#039;art et d&#039;essai\",\"publisher\":{\"@id\":\"https:\/\/www.ernestotimor.com\/irregular\/#organization\"},\"potentialAction\":[{\"@type\":\"SearchAction\",\"target\":{\"@type\":\"EntryPoint\",\"urlTemplate\":\"https:\/\/www.ernestotimor.com\/irregular\/?s={search_term_string}\"},\"query-input\":{\"@type\":\"PropertyValueSpecification\",\"valueRequired\":true,\"valueName\":\"search_term_string\"}}],\"inLanguage\":\"fr-FR\"},{\"@type\":\"Organization\",\"@id\":\"https:\/\/www.ernestotimor.com\/irregular\/#organization\",\"name\":\"Timor Rocks !\",\"url\":\"https:\/\/www.ernestotimor.com\/irregular\/\",\"logo\":{\"@type\":\"ImageObject\",\"inLanguage\":\"fr-FR\",\"@id\":\"https:\/\/www.ernestotimor.com\/irregular\/#\/schema\/logo\/image\/\",\"url\":\"https:\/\/www.ernestotimor.com\/irregular\/wp-content\/uploads\/2019\/09\/irregular-2019-logo-wp-2.png\",\"contentUrl\":\"https:\/\/www.ernestotimor.com\/irregular\/wp-content\/uploads\/2019\/09\/irregular-2019-logo-wp-2.png\",\"width\":240,\"height\":120,\"caption\":\"Timor Rocks !\"},\"image\":{\"@id\":\"https:\/\/www.ernestotimor.com\/irregular\/#\/schema\/logo\/image\/\"},\"sameAs\":[\"https:\/\/www.facebook.com\/Timor.Rocks\/\",\"http:\/\/fr.linkedin.com\/in\/timorrocks\",\"https:\/\/www.youtube.com\/user\/Theatredumenteur\"]}]}<\/script>\n<!-- \/ Yoast SEO plugin. -->","yoast_head_json":{"title":"Mes champs visuels [Apparitions & Reconstructions], une suite photographique &#8902; Ernesto Timor, photographe auteur","robots":{"index":"index","follow":"follow","max-snippet":"max-snippet:-1","max-image-preview":"max-image-preview:large","max-video-preview":"max-video-preview:-1"},"canonical":"https:\/\/www.ernestotimor.com\/irregular\/expositions\/expositions-passees-encore-visibles-en-ligne\/mes-champs-visuels-apparitions-reconstructions-une-suite-photographique\/","og_locale":"fr_FR","og_type":"article","og_title":"Mes champs visuels [Apparitions & Reconstructions], une suite photographique &#8902; Ernesto Timor, photographe auteur","og_url":"https:\/\/www.ernestotimor.com\/irregular\/expositions\/expositions-passees-encore-visibles-en-ligne\/mes-champs-visuels-apparitions-reconstructions-une-suite-photographique\/","og_site_name":"Ernesto Timor, photographe auteur","article_publisher":"https:\/\/www.facebook.com\/Timor.Rocks\/","article_modified_time":"2025-10-26T17:06:06+00:00","og_image":[{"width":1150,"height":400,"url":"https:\/\/www.ernestotimor.com\/irregular\/wp-content\/uploads\/2015\/04\/1408-angellugdu5419-slide.jpg","type":"image\/jpeg"}],"twitter_card":"summary_large_image","twitter_misc":{"Dur\u00e9e de lecture estim\u00e9e":"4 minutes"},"schema":{"@context":"https:\/\/schema.org","@graph":[{"@type":"WebPage","@id":"https:\/\/www.ernestotimor.com\/irregular\/expositions\/expositions-passees-encore-visibles-en-ligne\/mes-champs-visuels-apparitions-reconstructions-une-suite-photographique\/","url":"https:\/\/www.ernestotimor.com\/irregular\/expositions\/expositions-passees-encore-visibles-en-ligne\/mes-champs-visuels-apparitions-reconstructions-une-suite-photographique\/","name":"Mes champs visuels [Apparitions & Reconstructions], une suite photographique &#8902; Ernesto Timor, photographe auteur","isPartOf":{"@id":"https:\/\/www.ernestotimor.com\/irregular\/#website"},"primaryImageOfPage":{"@id":"https:\/\/www.ernestotimor.com\/irregular\/expositions\/expositions-passees-encore-visibles-en-ligne\/mes-champs-visuels-apparitions-reconstructions-une-suite-photographique\/#primaryimage"},"image":{"@id":"https:\/\/www.ernestotimor.com\/irregular\/expositions\/expositions-passees-encore-visibles-en-ligne\/mes-champs-visuels-apparitions-reconstructions-une-suite-photographique\/#primaryimage"},"thumbnailUrl":"https:\/\/www.ernestotimor.com\/irregular\/wp-content\/uploads\/2015\/04\/1408-angellugdu5419-slide.jpg","datePublished":"2015-05-02T14:27:38+00:00","dateModified":"2025-10-26T17:06:06+00:00","breadcrumb":{"@id":"https:\/\/www.ernestotimor.com\/irregular\/expositions\/expositions-passees-encore-visibles-en-ligne\/mes-champs-visuels-apparitions-reconstructions-une-suite-photographique\/#breadcrumb"},"inLanguage":"fr-FR","potentialAction":[{"@type":"ReadAction","target":["https:\/\/www.ernestotimor.com\/irregular\/expositions\/expositions-passees-encore-visibles-en-ligne\/mes-champs-visuels-apparitions-reconstructions-une-suite-photographique\/"]}]},{"@type":"ImageObject","inLanguage":"fr-FR","@id":"https:\/\/www.ernestotimor.com\/irregular\/expositions\/expositions-passees-encore-visibles-en-ligne\/mes-champs-visuels-apparitions-reconstructions-une-suite-photographique\/#primaryimage","url":"https:\/\/www.ernestotimor.com\/irregular\/wp-content\/uploads\/2015\/04\/1408-angellugdu5419-slide.jpg","contentUrl":"https:\/\/www.ernestotimor.com\/irregular\/wp-content\/uploads\/2015\/04\/1408-angellugdu5419-slide.jpg","width":1150,"height":400,"caption":"Photo \u00a9 Ernesto Timor"},{"@type":"BreadcrumbList","@id":"https:\/\/www.ernestotimor.com\/irregular\/expositions\/expositions-passees-encore-visibles-en-ligne\/mes-champs-visuels-apparitions-reconstructions-une-suite-photographique\/#breadcrumb","itemListElement":[{"@type":"ListItem","position":1,"name":"Accueil","item":"https:\/\/www.ernestotimor.com\/irregular\/"},{"@type":"ListItem","position":2,"name":"Expositions","item":"https:\/\/www.ernestotimor.com\/irregular\/expositions\/"},{"@type":"ListItem","position":3,"name":"Expos d\u00e9j\u00e0 anciennes","item":"https:\/\/www.ernestotimor.com\/irregular\/expositions\/expositions-passees-encore-visibles-en-ligne\/"},{"@type":"ListItem","position":4,"name":"Mes champs visuels [Apparitions &#038; Reconstructions], une suite photographique"}]},{"@type":"WebSite","@id":"https:\/\/www.ernestotimor.com\/irregular\/#website","url":"https:\/\/www.ernestotimor.com\/irregular\/","name":"Ernesto Timor, photographe auteur","description":"Travaux personnels, galeries d&#039;art et d&#039;essai","publisher":{"@id":"https:\/\/www.ernestotimor.com\/irregular\/#organization"},"potentialAction":[{"@type":"SearchAction","target":{"@type":"EntryPoint","urlTemplate":"https:\/\/www.ernestotimor.com\/irregular\/?s={search_term_string}"},"query-input":{"@type":"PropertyValueSpecification","valueRequired":true,"valueName":"search_term_string"}}],"inLanguage":"fr-FR"},{"@type":"Organization","@id":"https:\/\/www.ernestotimor.com\/irregular\/#organization","name":"Timor Rocks !","url":"https:\/\/www.ernestotimor.com\/irregular\/","logo":{"@type":"ImageObject","inLanguage":"fr-FR","@id":"https:\/\/www.ernestotimor.com\/irregular\/#\/schema\/logo\/image\/","url":"https:\/\/www.ernestotimor.com\/irregular\/wp-content\/uploads\/2019\/09\/irregular-2019-logo-wp-2.png","contentUrl":"https:\/\/www.ernestotimor.com\/irregular\/wp-content\/uploads\/2019\/09\/irregular-2019-logo-wp-2.png","width":240,"height":120,"caption":"Timor Rocks !"},"image":{"@id":"https:\/\/www.ernestotimor.com\/irregular\/#\/schema\/logo\/image\/"},"sameAs":["https:\/\/www.facebook.com\/Timor.Rocks\/","http:\/\/fr.linkedin.com\/in\/timorrocks","https:\/\/www.youtube.com\/user\/Theatredumenteur"]}]}},"_links":{"self":[{"href":"https:\/\/www.ernestotimor.com\/irregular\/wp-json\/wp\/v2\/pages\/17057","targetHints":{"allow":["GET"]}}],"collection":[{"href":"https:\/\/www.ernestotimor.com\/irregular\/wp-json\/wp\/v2\/pages"}],"about":[{"href":"https:\/\/www.ernestotimor.com\/irregular\/wp-json\/wp\/v2\/types\/page"}],"author":[{"embeddable":true,"href":"https:\/\/www.ernestotimor.com\/irregular\/wp-json\/wp\/v2\/users\/2"}],"replies":[{"embeddable":true,"href":"https:\/\/www.ernestotimor.com\/irregular\/wp-json\/wp\/v2\/comments?post=17057"}],"version-history":[{"count":3,"href":"https:\/\/www.ernestotimor.com\/irregular\/wp-json\/wp\/v2\/pages\/17057\/revisions"}],"predecessor-version":[{"id":25446,"href":"https:\/\/www.ernestotimor.com\/irregular\/wp-json\/wp\/v2\/pages\/17057\/revisions\/25446"}],"up":[{"embeddable":true,"href":"https:\/\/www.ernestotimor.com\/irregular\/wp-json\/wp\/v2\/pages\/10838"}],"wp:featuredmedia":[{"embeddable":true,"href":"https:\/\/www.ernestotimor.com\/irregular\/wp-json\/wp\/v2\/media\/20028"}],"wp:attachment":[{"href":"https:\/\/www.ernestotimor.com\/irregular\/wp-json\/wp\/v2\/media?parent=17057"}],"wp:term":[{"taxonomy":"category","embeddable":true,"href":"https:\/\/www.ernestotimor.com\/irregular\/wp-json\/wp\/v2\/categories?post=17057"},{"taxonomy":"post_tag","embeddable":true,"href":"https:\/\/www.ernestotimor.com\/irregular\/wp-json\/wp\/v2\/tags?post=17057"}],"curies":[{"name":"wp","href":"https:\/\/api.w.org\/{rel}","templated":true}]}}