{"id":20589,"date":"2015-09-23T18:35:40","date_gmt":"2015-09-23T16:35:40","guid":{"rendered":"http:\/\/www.ernestotimor.com\/irregular\/?page_id=20589"},"modified":"2019-09-22T13:48:06","modified_gmt":"2019-09-22T11:48:06","slug":"ecots-a-lecho","status":"publish","type":"page","link":"https:\/\/www.ernestotimor.com\/irregular\/expositions\/ecots-a-lecho\/","title":{"rendered":"Ecots \u00e0 l&rsquo;\u00e9cho"},"content":{"rendered":"<figure id=\"attachment_20590\" aria-describedby=\"caption-attachment-20590\" style=\"width: 512px\" class=\"wp-caption alignleft\"><a href=\"http:\/\/www.ernestotimor.com\/irregular\/wp-content\/uploads\/2015\/09\/1504-life3752n.jpg\"><img loading=\"lazy\" decoding=\"async\" class=\"wp-image-20590 size-large\" title=\"Cliquer pour agrandir\" src=\"http:\/\/www.ernestotimor.com\/irregular\/wp-content\/uploads\/2015\/09\/1504-life3752n-512x341.jpg\" alt=\"Photo \u00a9 Ernesto Timor\" width=\"512\" height=\"341\" srcset=\"https:\/\/www.ernestotimor.com\/irregular\/wp-content\/uploads\/2015\/09\/1504-life3752n-512x341.jpg 512w, https:\/\/www.ernestotimor.com\/irregular\/wp-content\/uploads\/2015\/09\/1504-life3752n-300x200.jpg 300w, https:\/\/www.ernestotimor.com\/irregular\/wp-content\/uploads\/2015\/09\/1504-life3752n-225x150.jpg 225w, https:\/\/www.ernestotimor.com\/irregular\/wp-content\/uploads\/2015\/09\/1504-life3752n-150x100.jpg 150w, https:\/\/www.ernestotimor.com\/irregular\/wp-content\/uploads\/2015\/09\/1504-life3752n.jpg 700w\" sizes=\"auto, (max-width: 512px) 100vw, 512px\" \/><\/a><figcaption id=\"caption-attachment-20590\" class=\"wp-caption-text\">Autoportrait en chevalier noy\u00e9 dans un verre d&rsquo;eau&#8230;<\/figcaption><\/figure>\n<figure id=\"attachment_20594\" aria-describedby=\"caption-attachment-20594\" style=\"width: 228px\" class=\"wp-caption alignleft\"><a href=\"http:\/\/www.ernestotimor.com\/irregular\/wp-content\/uploads\/2015\/09\/hommagebayard_TIMOR_20x30.jpg\"><img loading=\"lazy\" decoding=\"async\" class=\"wp-image-20594\" title=\"Cliquer pour agrandir\" src=\"http:\/\/www.ernestotimor.com\/irregular\/wp-content\/uploads\/2015\/09\/hommagebayard_TIMOR_20x30-342x512.jpg\" alt=\"Texte et r\u00e9alisation \u00a9 Ernesto Timor\" width=\"228\" height=\"342\" srcset=\"https:\/\/www.ernestotimor.com\/irregular\/wp-content\/uploads\/2015\/09\/hommagebayard_TIMOR_20x30-342x512.jpg 342w, https:\/\/www.ernestotimor.com\/irregular\/wp-content\/uploads\/2015\/09\/hommagebayard_TIMOR_20x30-200x300.jpg 200w, https:\/\/www.ernestotimor.com\/irregular\/wp-content\/uploads\/2015\/09\/hommagebayard_TIMOR_20x30-100x150.jpg 100w, https:\/\/www.ernestotimor.com\/irregular\/wp-content\/uploads\/2015\/09\/hommagebayard_TIMOR_20x30.jpg 667w\" sizes=\"auto, (max-width: 228px) 100vw, 228px\" \/><\/a><figcaption id=\"caption-attachment-20594\" class=\"wp-caption-text\">Le pourquoi&#8230;<\/figcaption><\/figure>\n<p><!--nextpage--><\/p>\n<h5>Mon double \u00e9cho \u00e0 Bayard<\/h5>\n<p>J&rsquo;ai le plaisir d&rsquo;avoir \u00e9t\u00e9 retenu pour l&rsquo;expo collective <em>Ecots \u00e0 l&rsquo;\u00e9cho<\/em>, dans le cadre du festival Les Photaumnales, une \u00e9dition \u00ab\u00a0en \u00e9cho\u00a0\u00bb \u00e0 Hippolyte Bayard.<\/p>\n<p>Ci-dessous le texte par lequel, pour une fois, je m&rsquo;explique en paroles sur ma photographie&#8230;<\/p>\n<blockquote><p>Ajouter mon \u00e9cot \u00e0 l\u2019\u00e9cho \u00e0 Bayard, oui, plut\u00f4t deux fois qu\u2019une&nbsp;!<\/p>\n<p>Hippolyte Bayard, membre \u00e9minent du peloton des inventeurs de la photographie, est \u00e0 ce seul titre d\u00e9j\u00e0 un h\u00e9ros&nbsp;! Mais aussi un superbe loser, un de ceux dont le m\u00e9rite est \u00e0 peu pr\u00e8s pass\u00e9 \u00e0 la trappe, que la gloire et la richesse ont ignor\u00e9 \u2014 et qui, de cette m\u00e9saventure, a su faire un nouveau tour d\u2019alchimie en r\u00e9alisant son macabre autoportrait pour de rire. J\u2019aime bien voir l\u00e0 une parent\u00e9 avec ce qui anime ma propre photographie depuis longtemps, cette manie tragi-comique\u2026<\/p>\n<p>Et puis Bayard, l\u2019illustre homonyme autrement plus c\u00e9l\u00e8bre, dont on apprenait nagu\u00e8re les exploits chevaleresques. Celui-l\u00e0 a berc\u00e9 toute mon enfance, car mon patronyme \u2014 Sampeur \u2014 d\u00e9clenchait et d\u00e9clenche encore l\u2019in\u00e9vitable \u00ab sans peur et sans reproche \u00bb qui \u00e0 force de mart\u00e8lement donne envie d\u2019en finir avec l\u2019\u00e9tat civil (d\u2019ailleurs pour pratiquer la photographie je me cache tant bien que mal sous le pseudonyme de Timor&nbsp;!).<\/p>\n<p>Or donc, j\u2019ai fusionn\u00e9 les deux filiations brumeuses en cette image d\u2019un chevalier Bayard noy\u00e9 dans son verre d\u2019eau. Bah, ce n\u2019est pas s\u00e9rieux, ce n\u2019est qu\u2019une photographie.<\/p>\n<p>Ernesto Timor<\/p><\/blockquote>\n<p><!--nextpage--><\/p>\n<p><a href=\"http:\/\/www.ernestotimor.com\/irregular\/wp-content\/uploads\/2015\/09\/photaumnales2015-web.jpg\"><img loading=\"lazy\" decoding=\"async\" class=\"alignnone wp-image-20592 size-medium\" title=\"Cliquer pour agrandir\" src=\"http:\/\/www.ernestotimor.com\/irregular\/wp-content\/uploads\/2015\/09\/photaumnales2015-web-213x300.jpg\" alt=\"\" width=\"213\" height=\"300\" srcset=\"https:\/\/www.ernestotimor.com\/irregular\/wp-content\/uploads\/2015\/09\/photaumnales2015-web-213x300.jpg 213w, https:\/\/www.ernestotimor.com\/irregular\/wp-content\/uploads\/2015\/09\/photaumnales2015-web-363x512.jpg 363w, https:\/\/www.ernestotimor.com\/irregular\/wp-content\/uploads\/2015\/09\/photaumnales2015-web-106x150.jpg 106w, https:\/\/www.ernestotimor.com\/irregular\/wp-content\/uploads\/2015\/09\/photaumnales2015-web.jpg 496w\" sizes=\"auto, (max-width: 213px) 100vw, 213px\" \/><\/a><\/p>\n<p>Photaumnales, Beauvais (60), du 19 septembre au 29 novembre 2015.<br \/>\nL&rsquo;exposition se tient \u00e0 la Galerie nationale de la tapisserie.<br \/>\nwww.photaumnales.fr<\/p>\n<p><br class=\"spacer\"><!-- default-view.php -->\n<div\n\tclass=\"ngg-galleryoverview default-view\n\t ngg-ajax-pagination-none\t\"\n\tid=\"ngg-gallery-c0fb795bc3b12ba92351ac93e14a50a3-1\"\n\tdata-gallery-id=\"88\">\n\n\t\t<!-- Thumbnails -->\n\t\t\t\t<div id=\"ngg-image-0\" class=\"ngg-gallery-thumbnail-box\n\t\t\t\t\t\t\t\t\t\t\t\"\n\t\t\t>\n\t\t\t\t\t\t<div class=\"ngg-gallery-thumbnail\">\n\t\t\t<a href=\"https:\/\/www.ernestotimor.com\/irregular\/wp-content\/gallery\/expo-accorchage-bayard\/1511-life1783.jpg\"\n\t\t\t\ttitle=\"Photo \u00a9 Ernesto Timor, sur une base d&#039;Hippolyte Bayard !\"\n\t\t\t\tdata-src=\"https:\/\/www.ernestotimor.com\/irregular\/wp-content\/gallery\/expo-accorchage-bayard\/1511-life1783.jpg\"\n\t\t\t\tdata-thumbnail=\"https:\/\/www.ernestotimor.com\/irregular\/wp-content\/gallery\/expo-accorchage-bayard\/thumbs\/thumbs_1511-life1783.jpg\"\n\t\t\t\tdata-image-id=\"1728\"\n\t\t\t\tdata-title=\"Ecots \u00e0 l&#039;\u00e9cho, Photaumnales 2015\"\n\t\t\t\tdata-description=\"Photo \u00a9 Ernesto Timor, sur une base d&#039;Hippolyte Bayard !\"\n\t\t\t\tdata-image-slug=\"1511-life1783\"\n\t\t\t\t\t\t\t\t\t\t\t\t\t\t\t\t\t\t\t\t>\n\t\t\t\t\t\t\t\t<img\n\t\t\t\t\ttitle=\"Ecots \u00e0 l&#039;\u00e9cho, Photaumnales 2015\"\n\t\t\t\t\talt=\"Ecots \u00e0 l&#039;\u00e9cho, Photaumnales 2015\"\n\t\t\t\t\tsrc=\"https:\/\/www.ernestotimor.com\/irregular\/wp-content\/gallery\/expo-accorchage-bayard\/cache\/1511-life1783.jpg-nggid041728-ngg0dyn-159x159x100-00f0w010c011r110f110r010t010.jpg\"\n\t\t\t\t\twidth=\"159\"\n\t\t\t\t\theight=\"159\"\n\t\t\t\t\tstyle=\"max-width:100%;\"\n\t\t\t\t\/>\n\t\t\t<\/a>\n\t\t<\/div>\n\t\t\t\t\t\t\t<\/div>\n\t\t\t\n\t\t\t\t<div id=\"ngg-image-1\" class=\"ngg-gallery-thumbnail-box\n\t\t\t\t\t\t\t\t\t\t\t\"\n\t\t\t>\n\t\t\t\t\t\t<div class=\"ngg-gallery-thumbnail\">\n\t\t\t<a href=\"https:\/\/www.ernestotimor.com\/irregular\/wp-content\/gallery\/expo-accorchage-bayard\/1511-life1774.jpg\"\n\t\t\t\ttitle=\"Photo \u00a9 Ernesto Timor\"\n\t\t\t\tdata-src=\"https:\/\/www.ernestotimor.com\/irregular\/wp-content\/gallery\/expo-accorchage-bayard\/1511-life1774.jpg\"\n\t\t\t\tdata-thumbnail=\"https:\/\/www.ernestotimor.com\/irregular\/wp-content\/gallery\/expo-accorchage-bayard\/thumbs\/thumbs_1511-life1774.jpg\"\n\t\t\t\tdata-image-id=\"1727\"\n\t\t\t\tdata-title=\"Ecots \u00e0 l&#039;\u00e9cho, Photaumnales 2015\"\n\t\t\t\tdata-description=\"Photo \u00a9 Ernesto Timor\"\n\t\t\t\tdata-image-slug=\"1511-life1774\"\n\t\t\t\t\t\t\t\t\t\t\t\t\t\t\t\t\t\t\t\t>\n\t\t\t\t\t\t\t\t<img\n\t\t\t\t\ttitle=\"Ecots \u00e0 l&#039;\u00e9cho, Photaumnales 2015\"\n\t\t\t\t\talt=\"Ecots \u00e0 l&#039;\u00e9cho, Photaumnales 2015\"\n\t\t\t\t\tsrc=\"https:\/\/www.ernestotimor.com\/irregular\/wp-content\/gallery\/expo-accorchage-bayard\/cache\/1511-life1774.jpg-nggid041727-ngg0dyn-159x159x100-00f0w010c011r110f110r010t010.jpg\"\n\t\t\t\t\twidth=\"159\"\n\t\t\t\t\theight=\"159\"\n\t\t\t\t\tstyle=\"max-width:100%;\"\n\t\t\t\t\/>\n\t\t\t<\/a>\n\t\t<\/div>\n\t\t\t\t\t\t\t<\/div>\n\t\t\t\n\t\t\t\t<div id=\"ngg-image-2\" class=\"ngg-gallery-thumbnail-box\n\t\t\t\t\t\t\t\t\t\t\t\"\n\t\t\t>\n\t\t\t\t\t\t<div class=\"ngg-gallery-thumbnail\">\n\t\t\t<a href=\"https:\/\/www.ernestotimor.com\/irregular\/wp-content\/gallery\/expo-accorchage-bayard\/1511-life1772.jpg\"\n\t\t\t\ttitle=\"Photo \u00a9 Ernesto Timor\"\n\t\t\t\tdata-src=\"https:\/\/www.ernestotimor.com\/irregular\/wp-content\/gallery\/expo-accorchage-bayard\/1511-life1772.jpg\"\n\t\t\t\tdata-thumbnail=\"https:\/\/www.ernestotimor.com\/irregular\/wp-content\/gallery\/expo-accorchage-bayard\/thumbs\/thumbs_1511-life1772.jpg\"\n\t\t\t\tdata-image-id=\"1726\"\n\t\t\t\tdata-title=\"Ecots \u00e0 l&#039;\u00e9cho, Photaumnales 2015\"\n\t\t\t\tdata-description=\"Photo \u00a9 Ernesto Timor\"\n\t\t\t\tdata-image-slug=\"1511-life1772\"\n\t\t\t\t\t\t\t\t\t\t\t\t\t\t\t\t\t\t\t\t>\n\t\t\t\t\t\t\t\t<img\n\t\t\t\t\ttitle=\"Ecots \u00e0 l&#039;\u00e9cho, Photaumnales 2015\"\n\t\t\t\t\talt=\"Ecots \u00e0 l&#039;\u00e9cho, Photaumnales 2015\"\n\t\t\t\t\tsrc=\"https:\/\/www.ernestotimor.com\/irregular\/wp-content\/gallery\/expo-accorchage-bayard\/cache\/1511-life1772.jpg-nggid041726-ngg0dyn-159x159x100-00f0w010c011r110f110r010t010.jpg\"\n\t\t\t\t\twidth=\"159\"\n\t\t\t\t\theight=\"159\"\n\t\t\t\t\tstyle=\"max-width:100%;\"\n\t\t\t\t\/>\n\t\t\t<\/a>\n\t\t<\/div>\n\t\t\t\t\t\t\t<\/div>\n\t\t\t\n\t\n\t<br style=\"clear: both\" \/>\n\n\t\n\t\t<div class=\"ngg-clear\"><\/div>\n\t<\/div>\n<\/p>\n","protected":false},"excerpt":{"rendered":"","protected":false},"author":2,"featured_media":0,"parent":18750,"menu_order":0,"comment_status":"closed","ping_status":"closed","template":"","meta":{"ngg_post_thumbnail":0,"footnotes":""},"categories":[],"tags":[73,70,81,101,182,97,57,82,50,56],"class_list":["post-20589","page","type-page","status-publish","hentry","tag-actualite","tag-autoportrait","tag-detail","tag-ironie","tag-echo","tag-enfance","tag-noir-et-blanc","tag-optique","tag-portrait","tag-signes"],"yoast_head":"<!-- This site is optimized with the Yoast SEO plugin v27.1.1 - https:\/\/yoast.com\/product\/yoast-seo-wordpress\/ -->\n<title>Ecots \u00e0 l&#039;\u00e9cho &#8902; Ernesto Timor, photographe auteur<\/title>\n<meta name=\"description\" content=\"Mon double \u00e9cho \u00e0 Bayard J&#039;ai le plaisir d&#039;avoir \u00e9t\u00e9 retenu pour l&#039;expo collective Ecots \u00e0 l&#039;\u00e9cho, dans le cadre du festival Les Photaumnales, une \u00e9dition\" \/>\n<meta name=\"robots\" content=\"index, follow, max-snippet:-1, max-image-preview:large, max-video-preview:-1\" \/>\n<link rel=\"canonical\" href=\"https:\/\/www.ernestotimor.com\/irregular\/expositions\/ecots-a-lecho\/\" \/>\n<link rel=\"next\" href=\"https:\/\/www.ernestotimor.com\/irregular\/expositions\/ecots-a-lecho\/2\/\" \/>\n<meta property=\"og:locale\" content=\"fr_FR\" \/>\n<meta property=\"og:type\" content=\"article\" \/>\n<meta property=\"og:title\" content=\"Ecots \u00e0 l&#039;\u00e9cho &#8902; Ernesto Timor, photographe auteur\" \/>\n<meta property=\"og:description\" content=\"Mon double \u00e9cho \u00e0 Bayard J&#039;ai le plaisir d&#039;avoir \u00e9t\u00e9 retenu pour l&#039;expo collective Ecots \u00e0 l&#039;\u00e9cho, dans le cadre du festival Les Photaumnales, une \u00e9dition\" \/>\n<meta property=\"og:url\" content=\"https:\/\/www.ernestotimor.com\/irregular\/expositions\/ecots-a-lecho\/\" \/>\n<meta property=\"og:site_name\" content=\"Ernesto Timor, photographe auteur\" \/>\n<meta property=\"article:publisher\" content=\"https:\/\/www.facebook.com\/Timor.Rocks\/\" \/>\n<meta property=\"article:modified_time\" content=\"2019-09-22T11:48:06+00:00\" \/>\n<meta property=\"og:image\" content=\"http:\/\/www.ernestotimor.com\/irregular\/wp-content\/uploads\/2015\/09\/1504-life3752n-512x341.jpg\" \/>\n<meta name=\"twitter:card\" content=\"summary_large_image\" \/>\n<meta name=\"twitter:label1\" content=\"Dur\u00e9e de lecture estim\u00e9e\" \/>\n\t<meta name=\"twitter:data1\" content=\"2 minutes\" \/>\n<script type=\"application\/ld+json\" class=\"yoast-schema-graph\">{\"@context\":\"https:\/\/schema.org\",\"@graph\":[{\"@type\":\"WebPage\",\"@id\":\"https:\/\/www.ernestotimor.com\/irregular\/expositions\/ecots-a-lecho\/\",\"url\":\"https:\/\/www.ernestotimor.com\/irregular\/expositions\/ecots-a-lecho\/\",\"name\":\"Ecots \u00e0 l'\u00e9cho &#8902; Ernesto Timor, photographe auteur\",\"isPartOf\":{\"@id\":\"https:\/\/www.ernestotimor.com\/irregular\/#website\"},\"primaryImageOfPage\":{\"@id\":\"https:\/\/www.ernestotimor.com\/irregular\/expositions\/ecots-a-lecho\/#primaryimage\"},\"image\":{\"@id\":\"https:\/\/www.ernestotimor.com\/irregular\/expositions\/ecots-a-lecho\/#primaryimage\"},\"thumbnailUrl\":\"http:\/\/www.ernestotimor.com\/irregular\/wp-content\/uploads\/2015\/09\/1504-life3752n-512x341.jpg\",\"datePublished\":\"2015-09-23T16:35:40+00:00\",\"dateModified\":\"2019-09-22T11:48:06+00:00\",\"description\":\"Mon double \u00e9cho \u00e0 Bayard J'ai le plaisir d'avoir \u00e9t\u00e9 retenu pour l'expo collective Ecots \u00e0 l'\u00e9cho, dans le cadre du festival Les Photaumnales, une \u00e9dition\",\"breadcrumb\":{\"@id\":\"https:\/\/www.ernestotimor.com\/irregular\/expositions\/ecots-a-lecho\/#breadcrumb\"},\"inLanguage\":\"fr-FR\",\"potentialAction\":[{\"@type\":\"ReadAction\",\"target\":[\"https:\/\/www.ernestotimor.com\/irregular\/expositions\/ecots-a-lecho\/\"]}]},{\"@type\":\"ImageObject\",\"inLanguage\":\"fr-FR\",\"@id\":\"https:\/\/www.ernestotimor.com\/irregular\/expositions\/ecots-a-lecho\/#primaryimage\",\"url\":\"http:\/\/www.ernestotimor.com\/irregular\/wp-content\/uploads\/2015\/09\/1504-life3752n-512x341.jpg\",\"contentUrl\":\"http:\/\/www.ernestotimor.com\/irregular\/wp-content\/uploads\/2015\/09\/1504-life3752n-512x341.jpg\"},{\"@type\":\"BreadcrumbList\",\"@id\":\"https:\/\/www.ernestotimor.com\/irregular\/expositions\/ecots-a-lecho\/#breadcrumb\",\"itemListElement\":[{\"@type\":\"ListItem\",\"position\":1,\"name\":\"Accueil\",\"item\":\"https:\/\/www.ernestotimor.com\/irregular\/\"},{\"@type\":\"ListItem\",\"position\":2,\"name\":\"Expositions\"}]},{\"@type\":\"WebSite\",\"@id\":\"https:\/\/www.ernestotimor.com\/irregular\/#website\",\"url\":\"https:\/\/www.ernestotimor.com\/irregular\/\",\"name\":\"Ernesto Timor, photographe auteur\",\"description\":\"Travaux personnels, galeries d&#039;art et d&#039;essai\",\"publisher\":{\"@id\":\"https:\/\/www.ernestotimor.com\/irregular\/#organization\"},\"potentialAction\":[{\"@type\":\"SearchAction\",\"target\":{\"@type\":\"EntryPoint\",\"urlTemplate\":\"https:\/\/www.ernestotimor.com\/irregular\/?s={search_term_string}\"},\"query-input\":{\"@type\":\"PropertyValueSpecification\",\"valueRequired\":true,\"valueName\":\"search_term_string\"}}],\"inLanguage\":\"fr-FR\"},{\"@type\":\"Organization\",\"@id\":\"https:\/\/www.ernestotimor.com\/irregular\/#organization\",\"name\":\"Timor Rocks !\",\"url\":\"https:\/\/www.ernestotimor.com\/irregular\/\",\"logo\":{\"@type\":\"ImageObject\",\"inLanguage\":\"fr-FR\",\"@id\":\"https:\/\/www.ernestotimor.com\/irregular\/#\/schema\/logo\/image\/\",\"url\":\"https:\/\/www.ernestotimor.com\/irregular\/wp-content\/uploads\/2019\/09\/irregular-2019-logo-wp-2.png\",\"contentUrl\":\"https:\/\/www.ernestotimor.com\/irregular\/wp-content\/uploads\/2019\/09\/irregular-2019-logo-wp-2.png\",\"width\":240,\"height\":120,\"caption\":\"Timor Rocks !\"},\"image\":{\"@id\":\"https:\/\/www.ernestotimor.com\/irregular\/#\/schema\/logo\/image\/\"},\"sameAs\":[\"https:\/\/www.facebook.com\/Timor.Rocks\/\",\"http:\/\/fr.linkedin.com\/in\/timorrocks\",\"https:\/\/www.youtube.com\/user\/Theatredumenteur\"]}]}<\/script>\n<!-- \/ Yoast SEO plugin. -->","yoast_head_json":{"title":"Ecots \u00e0 l'\u00e9cho &#8902; Ernesto Timor, photographe auteur","description":"Mon double \u00e9cho \u00e0 Bayard J'ai le plaisir d'avoir \u00e9t\u00e9 retenu pour l'expo collective Ecots \u00e0 l'\u00e9cho, dans le cadre du festival Les Photaumnales, une \u00e9dition","robots":{"index":"index","follow":"follow","max-snippet":"max-snippet:-1","max-image-preview":"max-image-preview:large","max-video-preview":"max-video-preview:-1"},"canonical":"https:\/\/www.ernestotimor.com\/irregular\/expositions\/ecots-a-lecho\/","next":"https:\/\/www.ernestotimor.com\/irregular\/expositions\/ecots-a-lecho\/2\/","og_locale":"fr_FR","og_type":"article","og_title":"Ecots \u00e0 l'\u00e9cho &#8902; Ernesto Timor, photographe auteur","og_description":"Mon double \u00e9cho \u00e0 Bayard J'ai le plaisir d'avoir \u00e9t\u00e9 retenu pour l'expo collective Ecots \u00e0 l'\u00e9cho, dans le cadre du festival Les Photaumnales, une \u00e9dition","og_url":"https:\/\/www.ernestotimor.com\/irregular\/expositions\/ecots-a-lecho\/","og_site_name":"Ernesto Timor, photographe auteur","article_publisher":"https:\/\/www.facebook.com\/Timor.Rocks\/","article_modified_time":"2019-09-22T11:48:06+00:00","og_image":[{"url":"http:\/\/www.ernestotimor.com\/irregular\/wp-content\/uploads\/2015\/09\/1504-life3752n-512x341.jpg","type":"","width":"","height":""}],"twitter_card":"summary_large_image","twitter_misc":{"Dur\u00e9e de lecture estim\u00e9e":"2 minutes"},"schema":{"@context":"https:\/\/schema.org","@graph":[{"@type":"WebPage","@id":"https:\/\/www.ernestotimor.com\/irregular\/expositions\/ecots-a-lecho\/","url":"https:\/\/www.ernestotimor.com\/irregular\/expositions\/ecots-a-lecho\/","name":"Ecots \u00e0 l'\u00e9cho &#8902; Ernesto Timor, photographe auteur","isPartOf":{"@id":"https:\/\/www.ernestotimor.com\/irregular\/#website"},"primaryImageOfPage":{"@id":"https:\/\/www.ernestotimor.com\/irregular\/expositions\/ecots-a-lecho\/#primaryimage"},"image":{"@id":"https:\/\/www.ernestotimor.com\/irregular\/expositions\/ecots-a-lecho\/#primaryimage"},"thumbnailUrl":"http:\/\/www.ernestotimor.com\/irregular\/wp-content\/uploads\/2015\/09\/1504-life3752n-512x341.jpg","datePublished":"2015-09-23T16:35:40+00:00","dateModified":"2019-09-22T11:48:06+00:00","description":"Mon double \u00e9cho \u00e0 Bayard J'ai le plaisir d'avoir \u00e9t\u00e9 retenu pour l'expo collective Ecots \u00e0 l'\u00e9cho, dans le cadre du festival Les Photaumnales, une \u00e9dition","breadcrumb":{"@id":"https:\/\/www.ernestotimor.com\/irregular\/expositions\/ecots-a-lecho\/#breadcrumb"},"inLanguage":"fr-FR","potentialAction":[{"@type":"ReadAction","target":["https:\/\/www.ernestotimor.com\/irregular\/expositions\/ecots-a-lecho\/"]}]},{"@type":"ImageObject","inLanguage":"fr-FR","@id":"https:\/\/www.ernestotimor.com\/irregular\/expositions\/ecots-a-lecho\/#primaryimage","url":"http:\/\/www.ernestotimor.com\/irregular\/wp-content\/uploads\/2015\/09\/1504-life3752n-512x341.jpg","contentUrl":"http:\/\/www.ernestotimor.com\/irregular\/wp-content\/uploads\/2015\/09\/1504-life3752n-512x341.jpg"},{"@type":"BreadcrumbList","@id":"https:\/\/www.ernestotimor.com\/irregular\/expositions\/ecots-a-lecho\/#breadcrumb","itemListElement":[{"@type":"ListItem","position":1,"name":"Accueil","item":"https:\/\/www.ernestotimor.com\/irregular\/"},{"@type":"ListItem","position":2,"name":"Expositions"}]},{"@type":"WebSite","@id":"https:\/\/www.ernestotimor.com\/irregular\/#website","url":"https:\/\/www.ernestotimor.com\/irregular\/","name":"Ernesto Timor, photographe auteur","description":"Travaux personnels, galeries d&#039;art et d&#039;essai","publisher":{"@id":"https:\/\/www.ernestotimor.com\/irregular\/#organization"},"potentialAction":[{"@type":"SearchAction","target":{"@type":"EntryPoint","urlTemplate":"https:\/\/www.ernestotimor.com\/irregular\/?s={search_term_string}"},"query-input":{"@type":"PropertyValueSpecification","valueRequired":true,"valueName":"search_term_string"}}],"inLanguage":"fr-FR"},{"@type":"Organization","@id":"https:\/\/www.ernestotimor.com\/irregular\/#organization","name":"Timor Rocks !","url":"https:\/\/www.ernestotimor.com\/irregular\/","logo":{"@type":"ImageObject","inLanguage":"fr-FR","@id":"https:\/\/www.ernestotimor.com\/irregular\/#\/schema\/logo\/image\/","url":"https:\/\/www.ernestotimor.com\/irregular\/wp-content\/uploads\/2019\/09\/irregular-2019-logo-wp-2.png","contentUrl":"https:\/\/www.ernestotimor.com\/irregular\/wp-content\/uploads\/2019\/09\/irregular-2019-logo-wp-2.png","width":240,"height":120,"caption":"Timor Rocks !"},"image":{"@id":"https:\/\/www.ernestotimor.com\/irregular\/#\/schema\/logo\/image\/"},"sameAs":["https:\/\/www.facebook.com\/Timor.Rocks\/","http:\/\/fr.linkedin.com\/in\/timorrocks","https:\/\/www.youtube.com\/user\/Theatredumenteur"]}]}},"_links":{"self":[{"href":"https:\/\/www.ernestotimor.com\/irregular\/wp-json\/wp\/v2\/pages\/20589","targetHints":{"allow":["GET"]}}],"collection":[{"href":"https:\/\/www.ernestotimor.com\/irregular\/wp-json\/wp\/v2\/pages"}],"about":[{"href":"https:\/\/www.ernestotimor.com\/irregular\/wp-json\/wp\/v2\/types\/page"}],"author":[{"embeddable":true,"href":"https:\/\/www.ernestotimor.com\/irregular\/wp-json\/wp\/v2\/users\/2"}],"replies":[{"embeddable":true,"href":"https:\/\/www.ernestotimor.com\/irregular\/wp-json\/wp\/v2\/comments?post=20589"}],"version-history":[{"count":0,"href":"https:\/\/www.ernestotimor.com\/irregular\/wp-json\/wp\/v2\/pages\/20589\/revisions"}],"up":[{"embeddable":true,"href":"https:\/\/www.ernestotimor.com\/irregular\/wp-json\/wp\/v2\/pages\/18750"}],"wp:attachment":[{"href":"https:\/\/www.ernestotimor.com\/irregular\/wp-json\/wp\/v2\/media?parent=20589"}],"wp:term":[{"taxonomy":"category","embeddable":true,"href":"https:\/\/www.ernestotimor.com\/irregular\/wp-json\/wp\/v2\/categories?post=20589"},{"taxonomy":"post_tag","embeddable":true,"href":"https:\/\/www.ernestotimor.com\/irregular\/wp-json\/wp\/v2\/tags?post=20589"}],"curies":[{"name":"wp","href":"https:\/\/api.w.org\/{rel}","templated":true}]}}