{"id":36,"date":"2021-09-03T14:07:39","date_gmt":"2021-09-03T12:07:39","guid":{"rendered":"https:\/\/www.ernestotimor.com\/vues-partagees\/?page_id=36"},"modified":"2022-08-23T11:35:13","modified_gmt":"2022-08-23T09:35:13","slug":"note-dimprevu","status":"publish","type":"page","link":"https:\/\/www.ernestotimor.com\/vues-partagees\/note-dimprevu\/","title":{"rendered":"O\u00f9 s\u2019ancre ce projet, et autres d\u00e9veloppements impr\u00e9vus"},"content":{"rendered":"<div class=\"short-cry row\"><br class=\"nc\"\/><div class=\"short-cry col-sm-9\">\n<p><strong>Aux fen\u00eatres du confinement.<\/strong> D\u00e8s son lancement aux premiers jours de 2020, la pand\u00e9mie a rattrap\u00e9 et impact\u00e9 ce projet, lui donnant une r\u00e9sonance particuli\u00e8re. Avec l\u2019adoption de la bien nomm\u00e9e distanciation sociale et les formes successives de confinement, voici que le fait de regarder le monde par sa fen\u00eatre a pris une actualit\u00e9 saisissante. Les fen\u00eatres sur le quartier auront rarement \u00e9t\u00e9 autant scrut\u00e9es, que ce soit avec une sensation d\u2019\u00e9touffement ou une curiosit\u00e9 nouvelle pour cet espace miniature. L\u2019ironie est que pour me faire inviter \u00e0 photographier les gens \u00e0&nbsp;leur fen\u00eatre, il a fallu attendre : que l\u2019on ait le droit, puis l\u2019envie, de rouvrir sa porte et la curiosit\u00e9 de partager \u00e7a avec un photographe inconnu ! Les prises de vue se sont longtemps faites par \u00e0-coups, en louvoyant entre les p\u00e9riodes de repli.<\/p>\n<p><strong>L\u2019individuel et le collectif.<\/strong> Ce projet s\u2019est lanc\u00e9 avec l\u2019appui du TAG, lieu d\u2019exp\u00e9rimentation culturelle implant\u00e9 \u00e0 l\u2019or\u00e9e de la cit\u00e9 de la Grande Borne, \u00e0 Grigny en Essonne. Inclure \u00e0 mon projet ces habitants fut ainsi un des premiers enjeux. Dans ce m\u00eame esprit de travail de territoire, compliqu\u00e9 de tant d\u2019interdits et r\u00e9ticences de toutes sortes, une part de ce travail s\u2019est faite avec des femmes d\u2019un foyer d\u2019accueil \u00e0 Saint-Priest, pr\u00e8s de Lyon. En parall\u00e8le, toutes les candidatures individuelles furent les bienvenues, et la galerie s\u2019est nourrie de nombreux portraits r\u00e9alis\u00e9s \u00e0 Lyon (mon lieu de vie) mais aussi au hasard des recommandations, rencontres et d\u00e9placements partout en France.<br \/>\n<strong>De la diversit\u00e9.<\/strong> Une certaine mixit\u00e9 d\u2019origines, de milieux sociaux, d\u2019\u00e2ges, de profils, de types d\u2019habitat s\u2019est fait jour naturellement. Je n\u2019ai jamais voulu faire un projet limit\u00e9 \u00e0 l\u2019identit\u00e9 d\u2019un quartier mais travailler autour de cette exp\u00e9rience universelle du regard qui s\u2019\u00e9vade par la fen\u00eatre, qui qu\u2019on soit et o\u00f9 qu\u2019on soit, quels que soient la forme et la qualit\u00e9 de notre lieu de vie\u2026 \u00c0 pr\u00e9sent que la saga a trouv\u00e9 sa coh\u00e9rence, elle peut se pr\u00e9senter sous une forme arr\u00eat\u00e9e (exposition, projection, publication\u2026) mais aussi s\u2019ouvrir \u00e0 encore d\u2019autres participations, en particulier dans le cadres d\u2019actions en partenariat avec des acteurs locaux culturels et sociaux.<\/p>\n<\/div><br class=\"nc\"\/><div class=\"short-cry col-sm-3\">\n<blockquote><p>Le voisin d\u2019en face a la qualit\u00e9 de passer l\u2019aspirateur torse nu.<\/p><\/blockquote>\n<blockquote><p>Si tu vois loin ton avenir est plus d\u00e9gag\u00e9.<\/p><\/blockquote>\n<blockquote><p>Un vis-\u00e0-vis c\u2019est une nuisance, c\u2019est mieux quand y a rien.<\/p><\/blockquote>\n<blockquote><p>Avec un cappuccino saveur vanille je lui ai annonc\u00e9&nbsp;pr\u00e8s de cette fen\u00eatre qu\u2019il fallait qu\u2019on arr\u00eate.<\/p><\/blockquote>\n<\/div><br class=\"nc\"\/><\/div>\n","protected":false},"excerpt":{"rendered":"<p>Aux fen\u00eatres du confinement. D\u00e8s son lancement aux premiers jours de 2020, la pand\u00e9mie a rattrap\u00e9 et impact\u00e9 ce projet, lui donnant une r\u00e9sonance particuli\u00e8re. Avec l\u2019adoption de la bien nomm\u00e9e distanciation sociale et les formes successives de confinement, voici que le fait de regarder le monde par sa fen\u00eatre a pris une actualit\u00e9 saisissante\u2026<\/p>\n","protected":false},"author":1,"featured_media":52,"parent":0,"menu_order":7,"comment_status":"closed","ping_status":"closed","template":"","meta":{"_monsterinsights_skip_tracking":false,"_monsterinsights_sitenote_active":false,"_monsterinsights_sitenote_note":"","_monsterinsights_sitenote_category":0,"ngg_post_thumbnail":0,"footnotes":""},"categories":[2],"tags":[],"class_list":["post-36","page","type-page","status-publish","has-post-thumbnail","hentry","category-la-totale"],"yoast_head":"<!-- This site is optimized with the Yoast SEO plugin v27.1.1 - https:\/\/yoast.com\/product\/yoast-seo-wordpress\/ -->\n<title>O\u00f9 s\u2019ancre ce projet, et autres d\u00e9veloppements impr\u00e9vus - Le point de vue de ma fen\u00eatre<\/title>\n<meta name=\"robots\" content=\"index, follow, max-snippet:-1, max-image-preview:large, max-video-preview:-1\" \/>\n<link rel=\"canonical\" href=\"https:\/\/www.ernestotimor.com\/vues-partagees\/note-dimprevu\/\" \/>\n<meta property=\"og:locale\" content=\"fr_FR\" \/>\n<meta property=\"og:type\" content=\"article\" \/>\n<meta property=\"og:title\" content=\"O\u00f9 s\u2019ancre ce projet, et autres d\u00e9veloppements impr\u00e9vus - Le point de vue de ma fen\u00eatre\" \/>\n<meta property=\"og:description\" content=\"Aux fen\u00eatres du confinement. D\u00e8s son lancement aux premiers jours de 2020, la pand\u00e9mie a rattrap\u00e9 et impact\u00e9 ce projet, lui donnant une r\u00e9sonance particuli\u00e8re. Avec l\u2019adoption de la bien nomm\u00e9e distanciation sociale et les formes successives de confinement, voici que le fait de regarder le monde par sa fen\u00eatre a pris une actualit\u00e9 saisissante\u2026\" \/>\n<meta property=\"og:url\" content=\"https:\/\/www.ernestotimor.com\/vues-partagees\/note-dimprevu\/\" \/>\n<meta property=\"og:site_name\" content=\"Le point de vue de ma fen\u00eatre\" \/>\n<meta property=\"article:modified_time\" content=\"2022-08-23T09:35:13+00:00\" \/>\n<meta property=\"og:image\" content=\"http:\/\/www.ernestotimor.com\/vues-partagees\/wp-content\/uploads\/2021\/09\/1609-life8808-16.jpg\" \/>\n\t<meta property=\"og:image:width\" content=\"1600\" \/>\n\t<meta property=\"og:image:height\" content=\"1068\" \/>\n\t<meta property=\"og:image:type\" content=\"image\/jpeg\" \/>\n<meta name=\"twitter:card\" content=\"summary_large_image\" \/>\n<meta name=\"twitter:label1\" content=\"Dur\u00e9e de lecture estim\u00e9e\" \/>\n\t<meta name=\"twitter:data1\" content=\"3 minutes\" \/>\n<script type=\"application\/ld+json\" class=\"yoast-schema-graph\">{\"@context\":\"https:\/\/schema.org\",\"@graph\":[{\"@type\":\"WebPage\",\"@id\":\"https:\/\/www.ernestotimor.com\/vues-partagees\/note-dimprevu\/\",\"url\":\"https:\/\/www.ernestotimor.com\/vues-partagees\/note-dimprevu\/\",\"name\":\"O\u00f9 s\u2019ancre ce projet, et autres d\u00e9veloppements impr\u00e9vus - Le point de vue de ma fen\u00eatre\",\"isPartOf\":{\"@id\":\"http:\/\/www.ernestotimor.com\/vues-partagees\/#website\"},\"primaryImageOfPage\":{\"@id\":\"https:\/\/www.ernestotimor.com\/vues-partagees\/note-dimprevu\/#primaryimage\"},\"image\":{\"@id\":\"https:\/\/www.ernestotimor.com\/vues-partagees\/note-dimprevu\/#primaryimage\"},\"thumbnailUrl\":\"https:\/\/www.ernestotimor.com\/vues-partagees\/wp-content\/uploads\/2021\/09\/1609-life8808-16.jpg\",\"datePublished\":\"2021-09-03T12:07:39+00:00\",\"dateModified\":\"2022-08-23T09:35:13+00:00\",\"breadcrumb\":{\"@id\":\"https:\/\/www.ernestotimor.com\/vues-partagees\/note-dimprevu\/#breadcrumb\"},\"inLanguage\":\"fr-FR\",\"potentialAction\":[{\"@type\":\"ReadAction\",\"target\":[\"https:\/\/www.ernestotimor.com\/vues-partagees\/note-dimprevu\/\"]}]},{\"@type\":\"ImageObject\",\"inLanguage\":\"fr-FR\",\"@id\":\"https:\/\/www.ernestotimor.com\/vues-partagees\/note-dimprevu\/#primaryimage\",\"url\":\"https:\/\/www.ernestotimor.com\/vues-partagees\/wp-content\/uploads\/2021\/09\/1609-life8808-16.jpg\",\"contentUrl\":\"https:\/\/www.ernestotimor.com\/vues-partagees\/wp-content\/uploads\/2021\/09\/1609-life8808-16.jpg\",\"width\":1600,\"height\":1068},{\"@type\":\"BreadcrumbList\",\"@id\":\"https:\/\/www.ernestotimor.com\/vues-partagees\/note-dimprevu\/#breadcrumb\",\"itemListElement\":[{\"@type\":\"ListItem\",\"position\":1,\"name\":\"Accueil\",\"item\":\"http:\/\/www.ernestotimor.com\/vues-partagees\/\"},{\"@type\":\"ListItem\",\"position\":2,\"name\":\"O\u00f9 s\u2019ancre ce projet, et autres d\u00e9veloppements impr\u00e9vus\"}]},{\"@type\":\"WebSite\",\"@id\":\"http:\/\/www.ernestotimor.com\/vues-partagees\/#website\",\"url\":\"http:\/\/www.ernestotimor.com\/vues-partagees\/\",\"name\":\"Le point de vue de ma fen\u00eatre\",\"description\":\"Vues partag\u00e9es\",\"potentialAction\":[{\"@type\":\"SearchAction\",\"target\":{\"@type\":\"EntryPoint\",\"urlTemplate\":\"http:\/\/www.ernestotimor.com\/vues-partagees\/?s={search_term_string}\"},\"query-input\":{\"@type\":\"PropertyValueSpecification\",\"valueRequired\":true,\"valueName\":\"search_term_string\"}}],\"inLanguage\":\"fr-FR\"}]}<\/script>\n<!-- \/ Yoast SEO plugin. -->","yoast_head_json":{"title":"O\u00f9 s\u2019ancre ce projet, et autres d\u00e9veloppements impr\u00e9vus - Le point de vue de ma fen\u00eatre","robots":{"index":"index","follow":"follow","max-snippet":"max-snippet:-1","max-image-preview":"max-image-preview:large","max-video-preview":"max-video-preview:-1"},"canonical":"https:\/\/www.ernestotimor.com\/vues-partagees\/note-dimprevu\/","og_locale":"fr_FR","og_type":"article","og_title":"O\u00f9 s\u2019ancre ce projet, et autres d\u00e9veloppements impr\u00e9vus - Le point de vue de ma fen\u00eatre","og_description":"Aux fen\u00eatres du confinement. D\u00e8s son lancement aux premiers jours de 2020, la pand\u00e9mie a rattrap\u00e9 et impact\u00e9 ce projet, lui donnant une r\u00e9sonance particuli\u00e8re. Avec l\u2019adoption de la bien nomm\u00e9e distanciation sociale et les formes successives de confinement, voici que le fait de regarder le monde par sa fen\u00eatre a pris une actualit\u00e9 saisissante\u2026","og_url":"https:\/\/www.ernestotimor.com\/vues-partagees\/note-dimprevu\/","og_site_name":"Le point de vue de ma fen\u00eatre","article_modified_time":"2022-08-23T09:35:13+00:00","og_image":[{"width":1600,"height":1068,"url":"http:\/\/www.ernestotimor.com\/vues-partagees\/wp-content\/uploads\/2021\/09\/1609-life8808-16.jpg","type":"image\/jpeg"}],"twitter_card":"summary_large_image","twitter_misc":{"Dur\u00e9e de lecture estim\u00e9e":"3 minutes"},"schema":{"@context":"https:\/\/schema.org","@graph":[{"@type":"WebPage","@id":"https:\/\/www.ernestotimor.com\/vues-partagees\/note-dimprevu\/","url":"https:\/\/www.ernestotimor.com\/vues-partagees\/note-dimprevu\/","name":"O\u00f9 s\u2019ancre ce projet, et autres d\u00e9veloppements impr\u00e9vus - Le point de vue de ma fen\u00eatre","isPartOf":{"@id":"http:\/\/www.ernestotimor.com\/vues-partagees\/#website"},"primaryImageOfPage":{"@id":"https:\/\/www.ernestotimor.com\/vues-partagees\/note-dimprevu\/#primaryimage"},"image":{"@id":"https:\/\/www.ernestotimor.com\/vues-partagees\/note-dimprevu\/#primaryimage"},"thumbnailUrl":"https:\/\/www.ernestotimor.com\/vues-partagees\/wp-content\/uploads\/2021\/09\/1609-life8808-16.jpg","datePublished":"2021-09-03T12:07:39+00:00","dateModified":"2022-08-23T09:35:13+00:00","breadcrumb":{"@id":"https:\/\/www.ernestotimor.com\/vues-partagees\/note-dimprevu\/#breadcrumb"},"inLanguage":"fr-FR","potentialAction":[{"@type":"ReadAction","target":["https:\/\/www.ernestotimor.com\/vues-partagees\/note-dimprevu\/"]}]},{"@type":"ImageObject","inLanguage":"fr-FR","@id":"https:\/\/www.ernestotimor.com\/vues-partagees\/note-dimprevu\/#primaryimage","url":"https:\/\/www.ernestotimor.com\/vues-partagees\/wp-content\/uploads\/2021\/09\/1609-life8808-16.jpg","contentUrl":"https:\/\/www.ernestotimor.com\/vues-partagees\/wp-content\/uploads\/2021\/09\/1609-life8808-16.jpg","width":1600,"height":1068},{"@type":"BreadcrumbList","@id":"https:\/\/www.ernestotimor.com\/vues-partagees\/note-dimprevu\/#breadcrumb","itemListElement":[{"@type":"ListItem","position":1,"name":"Accueil","item":"http:\/\/www.ernestotimor.com\/vues-partagees\/"},{"@type":"ListItem","position":2,"name":"O\u00f9 s\u2019ancre ce projet, et autres d\u00e9veloppements impr\u00e9vus"}]},{"@type":"WebSite","@id":"http:\/\/www.ernestotimor.com\/vues-partagees\/#website","url":"http:\/\/www.ernestotimor.com\/vues-partagees\/","name":"Le point de vue de ma fen\u00eatre","description":"Vues partag\u00e9es","potentialAction":[{"@type":"SearchAction","target":{"@type":"EntryPoint","urlTemplate":"http:\/\/www.ernestotimor.com\/vues-partagees\/?s={search_term_string}"},"query-input":{"@type":"PropertyValueSpecification","valueRequired":true,"valueName":"search_term_string"}}],"inLanguage":"fr-FR"}]}},"jetpack_sharing_enabled":true,"_links":{"self":[{"href":"https:\/\/www.ernestotimor.com\/vues-partagees\/wp-json\/wp\/v2\/pages\/36","targetHints":{"allow":["GET"]}}],"collection":[{"href":"https:\/\/www.ernestotimor.com\/vues-partagees\/wp-json\/wp\/v2\/pages"}],"about":[{"href":"https:\/\/www.ernestotimor.com\/vues-partagees\/wp-json\/wp\/v2\/types\/page"}],"author":[{"embeddable":true,"href":"https:\/\/www.ernestotimor.com\/vues-partagees\/wp-json\/wp\/v2\/users\/1"}],"replies":[{"embeddable":true,"href":"https:\/\/www.ernestotimor.com\/vues-partagees\/wp-json\/wp\/v2\/comments?post=36"}],"version-history":[{"count":0,"href":"https:\/\/www.ernestotimor.com\/vues-partagees\/wp-json\/wp\/v2\/pages\/36\/revisions"}],"wp:featuredmedia":[{"embeddable":true,"href":"https:\/\/www.ernestotimor.com\/vues-partagees\/wp-json\/wp\/v2\/media\/52"}],"wp:attachment":[{"href":"https:\/\/www.ernestotimor.com\/vues-partagees\/wp-json\/wp\/v2\/media?parent=36"}],"wp:term":[{"taxonomy":"category","embeddable":true,"href":"https:\/\/www.ernestotimor.com\/vues-partagees\/wp-json\/wp\/v2\/categories?post=36"},{"taxonomy":"post_tag","embeddable":true,"href":"https:\/\/www.ernestotimor.com\/vues-partagees\/wp-json\/wp\/v2\/tags?post=36"}],"curies":[{"name":"wp","href":"https:\/\/api.w.org\/{rel}","templated":true}]}}